{"id":1009,"date":"2017-06-28T23:29:07","date_gmt":"2017-06-28T23:29:07","guid":{"rendered":"http:\/\/alospicos.com\/?page_id=1009"},"modified":"2020-11-22T12:00:17","modified_gmt":"2020-11-22T12:00:17","slug":"pastores-de-los-picos-de-europa","status":"publish","type":"page","link":"https:\/\/alospicos.com\/index.php\/pastores-de-los-picos-de-europa\/","title":{"rendered":"Pastores de Los Picos de Europa"},"content":{"rendered":"<p>[et_pb_section fb_built=\u00bb1&#8243; admin_label=\u00bbsection\u00bb _builder_version=\u00bb3.22&#8243; background_color=\u00bb#000000&#8243; custom_padding=\u00bb54px|14px|54px|0px\u00bb][et_pb_row _builder_version=\u00bb3.25&#8243; background_size=\u00bbinitial\u00bb background_position=\u00bbtop_left\u00bb background_repeat=\u00bbrepeat\u00bb][et_pb_column type=\u00bb4_4&#8243; _builder_version=\u00bb3.25&#8243; custom_padding=\u00bb|||\u00bb custom_padding__hover=\u00bb|||\u00bb][et_pb_blurb title=\u00bbPastores de Los Picos de Europa\u00bb image_max_width=\u00bbnone\u00bb _builder_version=\u00bb3.0.87&#8243; header_font=\u00bb|on|||\u00bb header_font_size=\u00bb40px\u00bb background_size=\u00bbinitial\u00bb background_position=\u00bbtop_left\u00bb background_repeat=\u00bbrepeat\u00bb text_orientation=\u00bbcenter\u00bb background_layout=\u00bbdark\u00bb border_style=\u00bbsolid\u00bb]Una cultura ganadera con m\u00e1s de seis mil a\u00f1os de antig\u00fcedad<br \/>\n[\/et_pb_blurb][\/et_pb_column][\/et_pb_row][et_pb_row _builder_version=\u00bb3.25&#8243; background_size=\u00bbinitial\u00bb background_position=\u00bbtop_left\u00bb background_repeat=\u00bbrepeat\u00bb][et_pb_column type=\u00bb4_4&#8243; _builder_version=\u00bb3.25&#8243; custom_padding=\u00bb|||\u00bb custom_padding__hover=\u00bb|||\u00bb][et_pb_image src=\u00bbhttp:\/\/alospicos.com\/wp-content\/uploads\/2017\/06\/Pastores-en-Ercina.jpg\u00bb align_tablet=\u00bbcenter\u00bb align_last_edited=\u00bbon|desktop\u00bb _builder_version=\u00bb3.23&#8243; border_style=\u00bbsolid\u00bb animation=\u00bboff\u00bb sticky=\u00bboff\u00bb always_center_on_mobile=\u00bbon\u00bb][\/et_pb_image][et_pb_text _builder_version=\u00bb3.27.4&#8243; background_size=\u00bbinitial\u00bb background_position=\u00bbtop_left\u00bb background_repeat=\u00bbrepeat\u00bb background_layout=\u00bbdark\u00bb border_style=\u00bbsolid\u00bb]<\/p>\n<div id=\"id5\" class=\"style_SkipStroke_3 shape-with-text\">\n<div class=\"text-content graphic_textbox_layout_style_default_External_380_24\">\n<div class=\"graphic_textbox_layout_style_default\">\n<p class=\"paragraph_style_3\">De izquierda a derecha: Ignacio (Las Bobias); Manuel\u00edn el de Concha (Las Bobias); Ismael Alonso (Las Bobias); Ignacio Iglesias (La Redondiella); Constante Aspr\u00f3n (Las Fuentes); Manuel Remis (Sobrecornova) y Luis Blanco Caso (La Tiese) en La Ercina en septiembre de 1959. Foto de J. R. Lueje. Colecci\u00f3n del Museu del Pueblu d \u0301Asturies.<\/p>\n<\/div>\n<\/div>\n<\/div>\n<p>[\/et_pb_text][\/et_pb_column][\/et_pb_row][et_pb_row admin_label=\u00bbrow\u00bb _builder_version=\u00bb3.25&#8243; background_size=\u00bbinitial\u00bb background_position=\u00bbtop_left\u00bb background_repeat=\u00bbrepeat\u00bb column_structure=\u00bb1_2,1_2&#8243;][et_pb_column type=\u00bb1_2&#8243; _builder_version=\u00bb3.25&#8243; custom_padding=\u00bb|||\u00bb custom_padding__hover=\u00bb|||\u00bb][et_pb_accordion _builder_version=\u00bb3.0.87&#8243; border_style=\u00bbsolid\u00bb][et_pb_accordion_item title=\u00bbQui\u00e9nes son los pastores\u00bb open=\u00bbon\u00bb _builder_version=\u00bb3.0.47&#8243; background_size=\u00bbinitial\u00bb background_position=\u00bbtop_left\u00bb background_repeat=\u00bbrepeat\u00bb]<b>Gonzalo Barrena Diez<\/b><\/p>\n<p>Los pastores de los Picos de Europa, como los de cualquier espacio ganadero, acompa\u00f1an a sus reba\u00f1os en los desplazamientos anuales en busca de pasto. Su camino, de ascenso hacia las majadas m\u00e1s altas en primavera y de descenso hacia los pueblos, entrado el oto\u00f1o, est\u00e1 marcado por el relieve, el clima y las estaciones, que son quienes determinan el tipo de geograf\u00eda que el visitante percibe: un rosario de pueblos circundando el macizo, generalmente por debajo de la l\u00ednea de nieves, unas prader\u00edas sobre las que se practica la siega, con el ojo puesto en los meses fr\u00edos y la escasez; los invernales, salpicados de caba\u00f1as y fresnos, rodeados de muros a media altura y destinados a contener los reba\u00f1os con pastos de entretiempo; y, por \u00faltimo, el camino del puerto, que utilizan las reses cuando van de \u201c<i>de muda<\/i>\u201d en direcci\u00f3n a las bra\u00f1as y vegas cimeras, buscando hierbas especialmente nutrientes y frescor en las \u00e9pocas de est\u00edo. Con las primeras nieves, los reba\u00f1os dan la espalda al monte y retornan, camino de los pueblos, a cuyos <i>xerros<\/i> y <i>cuestas<\/i> aplicar\u00e1n el diente mientras se va acercando el verdadero invierno, tiempo de establo, hierba y rumiadura.<\/p>\n<p>Tal es el ciclo anual, m\u00e1s o menos seguido por los contados hombres que a\u00fan practican el pastoreo tradicional en todo el macizo y que se concentran especialmente en su vertiente asturiana. De un colectivo cercano al millar, apenas llegan a una decena quienes hoy siguen a los reba\u00f1os d\u00eda tras d\u00eda, orde\u00f1an sus ubres, cuajan el queso en las majadas y sostienen en pie las escasas caba\u00f1as que expiden humo a trav\u00e9s de las techumbres.<\/p>\n<p>Llegaron hasta aqu\u00ed, el momento presente, pero cuentan con una genealog\u00eda de gran antig\u00fcedad. De ella perviven muchos rastros, algunos de ellos de tiempos neol\u00edticos, y conservan una organizaci\u00f3n parroquial a\u00fan vigorosa en lo territorial. La cronolog\u00eda de su mundo permanece sujeta a grandes ciclos: prehistoria, neol\u00edtico, tiempos modernos\u2026 Hoy asistimos al final de uno de ellos y, con \u00e9l, al de la cultura m\u00e1s genuina de este espacio, si bien no la \u00fanica. Entre sus contempor\u00e1neas \u2014y muchas de ellas boyantes\u2014cuenta el excursionismo de entresiglos, que se abri\u00f3 paso por ac\u00e1 ayudado del auge que los movimientos \u201calpinistas\u201d alcanzaban en la Europa decimon\u00f3nica.<\/p>\n<p>Los clubs alpinos se fundaban a mediados del siglo XIX y en Espa\u00f1a, muy pronto, los \u201cpirene\u00edstas\u201d heredaban el impulso. El movimiento excursionista no dejaba de ser una deriva incruenta de otros usos aristocr\u00e1ticos que, como la cineg\u00e9tica, compart\u00edan su espacio, y por ello se desarroll\u00f3 en su comienzo a espaldas de la cultura del pastor, percibi\u00e9ndose ambas entre si con extra\u00f1eza. Sin embargo, la precariedad de las econom\u00edas campesinas y el preciso conocimiento del terreno que pose\u00edan los pastores convirtieron a aquellos excursionistas en sus clientes, y fueron citados y elogiados frecuentemente por ellos en sus cr\u00f3nicas. Paulatinamente, fue consolid\u00e1ndose entre ambos colectivos cierta sinergia y, en repetidos casos, relaciones prolongadas y de amistad. En su contexto mutuo fue donde se produjo, casi exclusivamente, un verdadero contacto cultural.<\/p>\n<p>Las prospecciones geol\u00f3gicas desarrolladas durante la segunda mitad del siglo XIX, animadas por el apetito industrial, y las explotaciones mineras que vinieron despu\u00e9s y que se prolongaron durante la primera mitad del XX \u2014algunas avanzaron hasta los setenta\u2014 coexistieron tambi\u00e9n con las actividades de pastor.<\/p>\n<p>Las empresas mineras repartieron jornales entre los que estaban all\u00e1 arriba, entre ellos muchas mujeres que lavaban mineral o cocinaban para los picadores, y acometieron ciertas infraestructuras que quedaron al uso de todos pero de las que se sirvi\u00f3 principalmente el ganadero.<\/p>\n<p>No obstante, y a pesar de las rentas que pudieron sumar a los aprovechamientos tradicionales, los poblados mineros se diferenciaron bien de los amajadamientos y la \u00f3smosis entre ambos se limit\u00f3 a la reutilizaci\u00f3n de materiales, al confort a\u00f1adido a algunas v\u00edas pecuarias y al oportuneo de ciertas construcciones. Extintas las actividades mineras, nada de ello qued\u00f3 que no fuesen los testimonios \u2014hoy d\u00eda valiosos\u2014 de un sorprendente patrimonio industrial.<\/p>\n<p>Los movimientos conservacionistas entran tempranos en la historia de este espacio, si bien lo hacen de la mano de un marqu\u00e9s. Pedro Pidal, marqu\u00e9s de Villaviciosa y pol\u00edtico activo en aquellas asturias, desempe\u00f1ar\u00e1 un papel relevante en el tratamiento territorial; y de su impulso, se nutrir\u00e1 la torpe tecnocracia franquista y \u2014de modo inconfeso\u2014 el movimiento conservacionista que florecer\u00e1 durante la segunda mitad del siglo XX. Su \u00faltimo cuarto de siglo, monopolizado por el turismo y los usos masivos del espacio, conlleva impert\u00e9rrito el final del pastor. O eso parece.<\/p>\n<p>No obstante, excursionistas, ge\u00f3logos, ingenieros de minas, toda clase de peritos en montes, gentes de pensamientos verdes, alpinistas y la panoplia del turismo, todos ellos, decimos, siempre desarrollaron c\u00f3digos, lengua, materiales y comportamientos independientes del pastor, en la mayor\u00eda de las ocasiones completamente impermeables a su cultura.<br \/>\n[\/et_pb_accordion_item][et_pb_accordion_item title=\u00bbPastores de Los Lagos\u00bb _builder_version=\u00bb3.0.47&#8243; open=\u00bboff\u00bb]Jaime Izquierdo.<\/p>\n<p>Art\u00edculo publicado en el diario La Nueva Espa\u00f1a el 23 de octubre de 2016.<\/p>\n<p><a href=\"http:\/\/alospicos.com\/wp-content\/uploads\/2017\/07\/Pastores-de-Los-Lagos-1.pdf\">Pastores de Los Lagos, parte 1<\/a><\/p>\n<p><a href=\"http:\/\/alospicos.com\/wp-content\/uploads\/2017\/07\/Pastores-de-Los-Lagos-2.pdf\" target=\"_blank\" rel=\"noopener noreferrer\">Pastores de Los Lagos, parte 2<\/a><br \/>\n[\/et_pb_accordion_item][et_pb_accordion_item title=\u00bbSobre el t\u00e9rmino %22majada%22&#8243; _builder_version=\u00bb3.0.47&#8243; background_size=\u00bbinitial\u00bb background_position=\u00bbtop_left\u00bb background_repeat=\u00bbrepeat\u00bb open=\u00bboff\u00bb]Gonzalo Barrena<\/p>\n<p>La genealog\u00eda del t\u00e9rmino \u201cmajada\u201d, en todas las hip\u00f3tesis que se manejan, guarda relaci\u00f3n con el asentamiento del pastor, con el apriscamiento del reba\u00f1o en terreno favorable y con una serie m\u00e1s o menos nutrida de construcciones. Unas interpretaciones hacen derivar el t\u00e9rmino de las \u201c<i>m\u00e1culas<\/i>\u201d o redes con las que se aseguraba la reuni\u00f3n de las ovejas durante la noche, para ponerlas a salvo del lobo o del extrav\u00edo. Otras versiones, inclinadas al \u201c<i>pangere malleas<\/i>\u201d latino, lo relacionan con el mazo de hierro y\/o las estacas que ser\u00edan necesarias para id\u00e9nticos acorralamiento y seguridad de las reses. Del mismo modo, puede buscarse el origen del t\u00e9rmino en lenguas norteafricanas, de las que proceder\u00eda el \u201c<i>magalia<\/i>\u201d con que se nombran en ellas las \u201cchozas\u201d o \u201ccaba\u00f1as\u201d de los n\u00f3madas. Y, por \u00faltimo, no carecer\u00eda de fundamento un origen m\u00e1s remoto de la palabra: en m\u00e1s de una lengua indoeuropea aparece la ra\u00edz <i>mallos<\/i> en referencia a \u201coveja\u201d, \u201clana de oveja\u201d y \u201cpastor de ovejas\u201d. Con esta genealog\u00eda coincidir\u00eda el uso antiguo de la voz \u201cmajada\u201d, cuando el t\u00e9rmino refiere al propio \u201creba\u00f1o de ovejas\u201d acompa\u00f1ado de pastor.<\/p>\n<p>Otras voces que nombran la misma realidad, presentes ambas en la toponimia de Los Picos, son las de \u201c<i>sel<\/i>\u201d y \u201c<i>bra\u00f1a<\/i>\u201d. Aunque en la actualidad han sido desplazados por el t\u00e9rmino \u201cmajada\u201d, en su d\u00eda nombraron el mismo tipo de asentamiento, aunque con diferente linaje sem\u00e1ntico. \u201cSel\u201d, relacionado con la misma ra\u00edz que da t\u00e9rminos modernos como \u201csuelo\u201d o \u201csolar\u201d, hace referencia en la toponimia antigua de Cantabria y de las Asturias m\u00e1s orientales a un lugar de \u201cabrigo y descanso del reba\u00f1o\u201d en los puertos, mientras que \u201cbra\u00f1a\u201d, y su m\u00e1s probable parentesco con \u201cverano\u201d, alude al asentamiento alto del pastor, propio de la buena estaci\u00f3n.<\/p>\n<p>En fin, tanto desde unas como desde otras interpretaciones, estar\u00edamos ante hip\u00f3tesis convergentes sobre una misma realidad topon\u00edmica, la que en lengua y conocimiento de pastor nombra hoy a todo \u201cespacio en el puerto, relativamente favorable y con pasto circundante, nucleado por una o varias caba\u00f1as de vivir, dotado de corrales, fresnos y puntos de agua, y donde, en su tiempo, el pastor re\u00fane al ganado, lo orde\u00f1a y elabora el queso\u201d. Al menos ese es el sentido que comparten todos los lugares de Los Picos que son identificados como tales.<br \/>\n[\/et_pb_accordion_item][et_pb_accordion_item title=\u00bbEl pastoreo %22de estada%22 y el queso\u00bb _builder_version=\u00bb3.0.47&#8243; background_size=\u00bbinitial\u00bb background_position=\u00bbtop_left\u00bb background_repeat=\u00bbrepeat\u00bb open=\u00bboff\u00bb]Gonzalo Barrena<\/p>\n<p>La elaboraci\u00f3n de queso es la raz\u00f3n esencial del denominado pastoreo \u201cestante\u201d o \u201cde estada, nombr\u00e1ndose en algunas zonas, m\u00e1s precisamente, como \u201csubir a hacer la \u201crenta\u2019l quesu\u201d. \u00c9sa es la causa de la represi\u00f3n sistem\u00e1tica que sufre en Los Picos de Europa el ganado caballar. La raz\u00f3n no es otra que su nulo rendimiento lechero y la competencia que supone para el vacuno. Ambas especies aprovechan el mismo espacio de pasto, pero como la yegua tiene el diente m\u00e1s duro y doble fila de ellos, acaba desplazando de las bra\u00f1as al vacuno; al menos, a las especies de mayor rendimiento y, por tanto, m\u00e1s blandas. Por eso se reprimi\u00f3 hist\u00f3ricamente o se excluy\u00f3 absolutamente de los mejores pastos este tipo de ganado, quedando orientado casi exclusivamente al transporte. S\u00f3lo las zonas m\u00e1s bajas, marginales o m\u00e1s duras, y las zonas altas en \u00e9pocas preinvernales, quedan a su disposici\u00f3n.<\/p>\n<p>El pasto alto, por su parte, se reserva para el exclusivo aprovechamiento de los animales de rendimiento l\u00e1cteo, pues la fuerza de esos \u201cherbaos\u201d calizos tiene un alto valor nutriente repercutiendo l\u00f3gicamente en la finura y rendimiento de la leche y, en consecuencia, del queso.<\/p>\n<p>Por su parte, el queso es la forma \u00f3ptima de almacenar la prote\u00edna excedente en el rendimiento lechero que ocasionan una primavera y un verano cortos pero intensos. En las majadas m\u00e1s altas, cinco litros de leche dan un kilo de queso, frente a los diez que se necesitan con la ceba del valle. Las piezas medianas o grandes de queso constituyeron en el pasado la \u00fanica manera de aprovechar la producci\u00f3n de un reba\u00f1o estremeru,<br \/>\nencumbrado con el buen tiempo en cotas que hac\u00edan impracticable el transporte diario de la leche o cualquier otro aprovechamiento. La maduraci\u00f3n en cuevas procede de \u00e9pocas en las que hombre y reba\u00f1os las habitaban con regularidad, cuando el pastoreo y orde\u00f1o se hac\u00edan desde culturas plenamente itinerantes. Y la prolongada curaci\u00f3n de sus quesos pon\u00eda al alcance del pastor alimento seguro para toda la rueda del a\u00f1o.<\/p>\n<p>El microclima de las cuevas interviene en la definici\u00f3n del sabor y la textura. As\u00ed, desde el foco de Cabrales, con el queso que lleva su nombre, y desde Tresviso, con el pic\u00f3n, se ir\u00eda extendiendo la t\u00e9cnica al resto del territorio, dando paso a quesos m\u00e1s suaves a medida que se va dejando el norte y el este de los Picos de Europa. Geolog\u00eda, clima, cuevas y tradici\u00f3n local perfilan as\u00ed cada uno de los tipos o variedades.<\/p>\n<p>En determinadas zonas el trasiego de la leche se organizaba en com\u00fan: cada d\u00eda le tocaba a alguien bajar al pueblo con la leche orde\u00f1ada. En el zurr\u00f3n viajaban varios vallicos \u2013tambi\u00e9n en \u201codres\u201d o \u201cmarmitones\u201d- con unos siete u ocho litros y, a veces, una manteca nadando entre la leche. \u00c9sa es la raz\u00f3n que subyace, por ejemplo, en el top\u00f3nimo \u201cla vega de las mantegas\u201d, en el concejo asturiano de On\u00eds, posiblemente por converger en ella diversas veredas particulares que tomaban, a partir de all\u00ed, un camino com\u00fan.<\/p>\n<p>Un modo generalizado de este tipo de aprovechamientos consist\u00eda en subir a media tarde, camino del puerto, orde\u00f1ar a la noche, dormir en la majada, orde\u00f1ar de nuevo al alba y bajar con la leche de regreso al pueblo. Ahora bien, esta variante del aprovechamiento lechero resultaba m\u00e1s asequible a los pueblos m\u00e1s altos, por tener al alcance las majadas. Los m\u00e1s bajos o los que no si\u00e9ndolo se ubicaban en los escalones m\u00e1s extremados, se volcaban en la producci\u00f3n de queso o se \u201cquedaban a medios dies\u201d, expresi\u00f3n con la que se refiere un tipo de amajadamiento consistente en pernoctar y bajar en d\u00edas alternos.<\/p>\n<p>Posiblemente debido a la bonanza del pasto y de los suelos, en las zonas m\u00e1s bajas y con pastos susceptibles de otros aprovechamientos distintos al extensivo y \u201cde<br \/>\nreciella\u201d (ganado menor), el pastoreo fue orient\u00e1ndose paulatinamente a la ganader\u00eda de vacuno. A su vez, la leche se dedic\u00f3 a la producci\u00f3n de manteca o a la de un tipo de \u201cqueso tierno, peque\u00f1o\u201d, destinado al consumo dom\u00e9stico.<\/p>\n<p>La diversidad quesera de la regi\u00f3n, por su lado permanece a\u00fan sin otra explicaci\u00f3n que la fundada en los correspondientes procesos de elaboraci\u00f3n. No obstante se echan en falta interpretaciones integrales, suficientemente fundamentadas en la interacci\u00f3n de los procedimientos tecnol\u00f3gicos con el h\u00e1bitat. Por nuestra parte, hemos constatado una y otra vez que, en la interacci\u00f3n medio-cultura, resultan determinantes las \u201cestrategias de aprovechamiento locales\u201d y los usos ganaderos \u201cde valle\u201d, en el sentido hist\u00f3rico del t\u00e9rmino.<br \/>\n[\/et_pb_accordion_item][\/et_pb_accordion][\/et_pb_column][et_pb_column type=\u00bb1_2&#8243; _builder_version=\u00bb3.25&#8243; custom_padding=\u00bb|||\u00bb custom_padding__hover=\u00bb|||\u00bb][et_pb_image src=\u00bbhttp:\/\/alospicos.com\/wp-content\/uploads\/2017\/06\/Majada-de-Las-Bobias-Puertu-On\u00eds.jpg\u00bb show_in_lightbox=\u00bbon\u00bb align_tablet=\u00bbcenter\u00bb align_last_edited=\u00bbon|desktop\u00bb _builder_version=\u00bb3.23&#8243; border_style=\u00bbsolid\u00bb animation=\u00bboff\u00bb sticky=\u00bboff\u00bb always_center_on_mobile=\u00bbon\u00bb][\/et_pb_image][et_pb_text _builder_version=\u00bb3.27.4&#8243; background_size=\u00bbinitial\u00bb background_position=\u00bbtop_left\u00bb background_repeat=\u00bbrepeat\u00bb text_orientation=\u00bbright\u00bb background_layout=\u00bbdark\u00bb border_style=\u00bbsolid\u00bb]Majada de Las Bobias, puertu On\u00eds.<\/p>\n<p>Imagen de Nacho P\u00e9rez<br \/>\n[\/et_pb_text][et_pb_image src=\u00bbhttp:\/\/alospicos.com\/wp-content\/uploads\/2017\/06\/Anton\u00edn-Umartini.jpg\u00bb align_tablet=\u00bbcenter\u00bb align_last_edited=\u00bbon|desktop\u00bb _builder_version=\u00bb3.23&#8243; border_style=\u00bbsolid\u00bb animation=\u00bboff\u00bb sticky=\u00bboff\u00bb always_center_on_mobile=\u00bbon\u00bb][\/et_pb_image][et_pb_text _builder_version=\u00bb3.27.4&#8243; text_orientation=\u00bbright\u00bb background_layout=\u00bbdark\u00bb border_style=\u00bbsolid\u00bb]Anton\u00edn<\/p>\n<p>Pastor de Umartini, Cangues.<br \/>\n[\/et_pb_text][et_pb_text _builder_version=\u00bb3.27.4&#8243; text_orientation=\u00bbright\u00bb background_layout=\u00bbdark\u00bb border_style=\u00bbsolid\u00bb]Vaca casina o \u00abasturiana de la monta\u00f1a\u00bb<br \/>\n[\/et_pb_text][et_pb_image src=\u00bbhttp:\/\/alospicos.com\/wp-content\/uploads\/2017\/06\/Comunal-Oriente-mapa.jpg\u00bb align_tablet=\u00bbcenter\u00bb align_last_edited=\u00bbon|desktop\u00bb _builder_version=\u00bb3.23&#8243; border_style=\u00bbsolid\u00bb animation=\u00bboff\u00bb sticky=\u00bboff\u00bb always_center_on_mobile=\u00bbon\u00bb][\/et_pb_image][et_pb_image src=\u00bbhttps:\/\/alospicos.com\/wp-content\/uploads\/2020\/11\/Los-Picos-de-Europa-territorio-pastor-de-Hugo-Llera-c-scaled.jpg\u00bb _builder_version=\u00bb4.7.3&#8243; _module_preset=\u00bbdefault\u00bb title_text=\u00bbLos Picos de Europa, territorio pastor, de Hugo Llera c\u00bb hover_enabled=\u00bb0&#8243; sticky_enabled=\u00bb0&#8243; show_in_lightbox=\u00bbon\u00bb][\/et_pb_image][et_pb_button button_text=\u00bbInicio\u00bb button_alignment=\u00bbcenter\u00bb admin_label=\u00bbInicio\u00bb _builder_version=\u00bb3.16&#8243; custom_button=\u00bbon\u00bb button_text_color=\u00bb#e02b20&#8243; background_layout=\u00bbdark\u00bb button_text_size__hover_enabled=\u00bboff\u00bb button_one_text_size__hover_enabled=\u00bboff\u00bb button_two_text_size__hover_enabled=\u00bboff\u00bb button_text_color__hover_enabled=\u00bboff\u00bb button_one_text_color__hover_enabled=\u00bboff\u00bb button_two_text_color__hover_enabled=\u00bboff\u00bb button_border_width__hover_enabled=\u00bboff\u00bb button_one_border_width__hover_enabled=\u00bboff\u00bb button_two_border_width__hover_enabled=\u00bboff\u00bb button_border_color__hover_enabled=\u00bboff\u00bb button_one_border_color__hover_enabled=\u00bboff\u00bb button_two_border_color__hover_enabled=\u00bboff\u00bb button_border_radius__hover_enabled=\u00bboff\u00bb button_one_border_radius__hover_enabled=\u00bboff\u00bb button_two_border_radius__hover_enabled=\u00bboff\u00bb button_letter_spacing__hover_enabled=\u00bboff\u00bb button_one_letter_spacing__hover_enabled=\u00bboff\u00bb button_two_letter_spacing__hover_enabled=\u00bboff\u00bb button_bg_color__hover_enabled=\u00bboff\u00bb button_one_bg_color__hover_enabled=\u00bboff\u00bb button_two_bg_color__hover_enabled=\u00bboff\u00bb][\/et_pb_button][\/et_pb_column][\/et_pb_row][\/et_pb_section]<\/p>\n","protected":false},"excerpt":{"rendered":"<p>Una cultura ganadera con m\u00e1s de seis mil a\u00f1os de antig\u00fcedad De izquierda a derecha: Ignacio (Las Bobias); Manuel\u00edn el de Concha (Las Bobias); Ismael Alonso (Las Bobias); Ignacio Iglesias (La Redondiella); Constante Aspr\u00f3n (Las Fuentes); Manuel Remis (Sobrecornova) y Luis Blanco Caso (La Tiese) en La Ercina en septiembre de 1959. Foto de J. [&hellip;]<\/p>\n","protected":false},"author":1,"featured_media":0,"parent":0,"menu_order":0,"comment_status":"closed","ping_status":"closed","template":"","meta":{"_et_pb_use_builder":"on","_et_pb_old_content":"","_et_gb_content_width":"","footnotes":""},"class_list":["post-1009","page","type-page","status-publish","hentry"],"_links":{"self":[{"href":"https:\/\/alospicos.com\/index.php\/wp-json\/wp\/v2\/pages\/1009","targetHints":{"allow":["GET"]}}],"collection":[{"href":"https:\/\/alospicos.com\/index.php\/wp-json\/wp\/v2\/pages"}],"about":[{"href":"https:\/\/alospicos.com\/index.php\/wp-json\/wp\/v2\/types\/page"}],"author":[{"embeddable":true,"href":"https:\/\/alospicos.com\/index.php\/wp-json\/wp\/v2\/users\/1"}],"replies":[{"embeddable":true,"href":"https:\/\/alospicos.com\/index.php\/wp-json\/wp\/v2\/comments?post=1009"}],"version-history":[{"count":19,"href":"https:\/\/alospicos.com\/index.php\/wp-json\/wp\/v2\/pages\/1009\/revisions"}],"predecessor-version":[{"id":1848,"href":"https:\/\/alospicos.com\/index.php\/wp-json\/wp\/v2\/pages\/1009\/revisions\/1848"}],"wp:attachment":[{"href":"https:\/\/alospicos.com\/index.php\/wp-json\/wp\/v2\/media?parent=1009"}],"curies":[{"name":"wp","href":"https:\/\/api.w.org\/{rel}","templated":true}]}}