{"id":1633,"date":"2018-03-20T09:09:47","date_gmt":"2018-03-20T09:09:47","guid":{"rendered":"http:\/\/alospicos.com\/?page_id=1633"},"modified":"2019-09-30T07:43:32","modified_gmt":"2019-09-30T07:43:32","slug":"descenso-en-canoa","status":"publish","type":"page","link":"https:\/\/alospicos.com\/index.php\/descenso-en-canoa\/","title":{"rendered":"Descenso del Sella en canoa"},"content":{"rendered":"<p>[et_pb_section fb_built=\u00bb1&#8243; fullwidth=\u00bbon\u00bb admin_label=\u00bbHero Section\u00bb _builder_version=\u00bb3.22&#8243; background_color=\u00bb#223a4f\u00bb parallax=\u00bbon\u00bb custom_padding=\u00bb0px|0px|0px|0px\u00bb bb_built=\u00bb1&#8243; _i=\u00bb0&#8243; _address=\u00bb0&#8243;][et_pb_fullwidth_header title=\u00bbSella y Cares-deva en canoa\u00bb header_fullscreen=\u00bbon\u00bb button_one_text=\u00bbEmpresas y lugares\u00bb button_one_url=\u00bb#Empresas\u00bb background_overlay_color=\u00bbrgba(29,38,51,0.86)\u00bb content_max_width=\u00bb700px\u00bb admin_label=\u00bbCanoas\u00bb _builder_version=\u00bb3.16&#8243; title_font=\u00bbOswald|on||on|\u00bb title_font_size=\u00bb80px\u00bb title_line_height=\u00bb1.3em\u00bb content_font=\u00bbRoboto||||\u00bb content_font_size=\u00bb20px\u00bb background_color=\u00bbrgba(255, 255, 255, 0)\u00bb background_image=\u00bbhttps:\/\/alospicos.com\/wp-content\/uploads\/2018\/02\/Salida-de-Las-Piraguas-2011.jpg\u00bb parallax=\u00bbon\u00bb parallax_method=\u00bbon\u00bb custom_button_one=\u00bbon\u00bb button_one_border_radius=\u00bb0px\u00bb button_one_letter_spacing=\u00bb4px\u00bb button_one_font=\u00bbOswald|on||on|\u00bb button_one_icon=\u00bb%%3%%\u00bb button_one_icon_color=\u00bb#ffffff\u00bb animation_style=\u00bbzoom\u00bb animation_direction=\u00bbbottom\u00bb animation_intensity_zoom=\u00bb4%\u00bb button_one_text_color_hover=\u00bb#ffffff\u00bb button_one_border_color_hover=\u00bb#ffffff\u00bb button_one_border_radius_hover=\u00bb0px\u00bb button_one_letter_spacing_hover=\u00bb4px\u00bb button_one_bg_color_hover=\u00bbrgba(0,0,0,0)\u00bb _i=\u00bb0&#8243; _address=\u00bb0.0&#8243; button_one_text_size__hover_enabled=\u00bboff\u00bb button_two_text_size__hover_enabled=\u00bboff\u00bb button_one_text_color__hover_enabled=\u00bbon\u00bb button_one_text_color__hover=\u00bb#ffffff\u00bb button_two_text_color__hover_enabled=\u00bboff\u00bb button_one_border_width__hover_enabled=\u00bboff\u00bb button_two_border_width__hover_enabled=\u00bboff\u00bb button_one_border_color__hover_enabled=\u00bbon\u00bb button_one_border_color__hover=\u00bb#ffffff\u00bb button_two_border_color__hover_enabled=\u00bboff\u00bb button_one_border_radius__hover_enabled=\u00bbon\u00bb button_one_border_radius__hover=\u00bb0px\u00bb button_two_border_radius__hover_enabled=\u00bboff\u00bb button_one_letter_spacing__hover_enabled=\u00bbon\u00bb button_one_letter_spacing__hover=\u00bb4px\u00bb button_two_letter_spacing__hover_enabled=\u00bboff\u00bb button_one_bg_color__hover_enabled=\u00bbon\u00bb button_one_bg_color__hover=\u00bbrgba(0,0,0,0)\u00bb button_two_bg_color__hover_enabled=\u00bboff\u00bb]Descenso en canoa de los r\u00edos Sella y Cares-Deva<br \/>\n[\/et_pb_fullwidth_header][\/et_pb_section][et_pb_section fb_built=\u00bb1&#8243; fullwidth=\u00bbon\u00bb _builder_version=\u00bb3.22&#8243; background_color=\u00bb#f4f4f4&#8243; bb_built=\u00bb1&#8243; _i=\u00bb1&#8243; _address=\u00bb1&#8243;][et_pb_fullwidth_header title=\u00bbEn qu\u00e9 consiste\u00bb _builder_version=\u00bb3.16&#8243; background_color=\u00bbrgba(255, 255, 255, 0)\u00bb background_layout=\u00bblight\u00bb _i=\u00bb0&#8243; _address=\u00bb1.0&#8243; button_one_text_size__hover_enabled=\u00bboff\u00bb button_two_text_size__hover_enabled=\u00bboff\u00bb button_one_text_color__hover_enabled=\u00bboff\u00bb button_two_text_color__hover_enabled=\u00bboff\u00bb button_one_border_width__hover_enabled=\u00bboff\u00bb button_two_border_width__hover_enabled=\u00bboff\u00bb button_one_border_color__hover_enabled=\u00bboff\u00bb button_two_border_color__hover_enabled=\u00bboff\u00bb button_one_border_radius__hover_enabled=\u00bboff\u00bb button_two_border_radius__hover_enabled=\u00bboff\u00bb button_one_letter_spacing__hover_enabled=\u00bboff\u00bb button_two_letter_spacing__hover_enabled=\u00bboff\u00bb button_one_bg_color__hover_enabled=\u00bboff\u00bb button_two_bg_color__hover_enabled=\u00bboff\u00bb]<span style=\"color: #000000;\">El descenso tur\u00edstico del Sella es un recorrido en canoa, entre Arriondas y La Ribera (cerca de Ribadesella), que dura entre 2 y 4 horas (las empresas ofrecen dos distancias). La salida tiene lugar por la ma\u00f1ana, y el precio oscila entre 15 \u20ac (menores de 12 a\u00f1os) y 25 \u20ac. En \u00e9l va incluido el equipamiento (chaleco, remos, bid\u00f3n estanco y una bolsa de comida) y el trasporte de ida\/regreso. Es necesario saber nadar, vestir ropa deportiva, llevar calzado sumergible y traer toalla propia. Los d\u00edas de sol conviene ponerse crema.<\/span><\/p>\n<p><span style=\"color: #000000;\">Todas las empresas cuentan con instalaciones para cambiarse y ducharse al final del recorrido.<\/span><br \/>\n[\/et_pb_fullwidth_header][\/et_pb_section][et_pb_section fb_built=\u00bb1&#8243; _builder_version=\u00bb3.22&#8243; bb_built=\u00bb1&#8243; _i=\u00bb2&#8243; _address=\u00bb2&#8243;][et_pb_row _builder_version=\u00bb3.25&#8243; background_size=\u00bbinitial\u00bb background_position=\u00bbtop_left\u00bb background_repeat=\u00bbrepeat\u00bb _i=\u00bb0&#8243; _address=\u00bb2.0&#8243; column_structure=\u00bb1_2,1_2&#8243;][et_pb_column type=\u00bb1_2&#8243; _builder_version=\u00bb3.25&#8243; custom_padding=\u00bb|||\u00bb _i=\u00bb0&#8243; _address=\u00bb2.0.0&#8243; custom_padding__hover=\u00bb|||\u00bb][et_pb_text admin_label=\u00bbTop Destination Sub Title\u00bb _builder_version=\u00bb3.27.4&#8243; text_font=\u00bbRoboto||||\u00bb text_text_color=\u00bb#e02b20&#8243; text_font_size=\u00bb30px\u00bb text_line_height=\u00bb1.4em\u00bb custom_padding=\u00bb30px|||\u00bb animation_style=\u00bbslide\u00bb animation_direction=\u00bbtop\u00bb animation_delay=\u00bb200ms\u00bb animation_intensity_slide=\u00bb10%\u00bb _i=\u00bb0&#8243; _address=\u00bb2.0.0.0&#8243;]R\u00edo Sella, recorrido tur\u00edstico<br \/>\n[\/et_pb_text][et_pb_code _i=\u00bb1&#8243; _address=\u00bb2.0.0.1&#8243;]<iframe loading=\"lazy\" src=\"https:\/\/www.google.com\/maps\/d\/embed?mid=1a1B-lRAlUfeWaR5Kgh8yW1rcUq6tV1l7\" width=\"640\" height=\"480\"><\/iframe>[\/et_pb_code][\/et_pb_column][et_pb_column type=\u00bb1_2&#8243; _builder_version=\u00bb3.25&#8243; custom_padding=\u00bb|||\u00bb _i=\u00bb1&#8243; _address=\u00bb2.0.1&#8243; custom_padding__hover=\u00bb|||\u00bb][et_pb_text admin_label=\u00bbTop Destination Sub Title\u00bb _builder_version=\u00bb3.27.4&#8243; text_font=\u00bbRoboto||||\u00bb text_text_color=\u00bb#1a1a1a\u00bb text_font_size=\u00bb30px\u00bb text_line_height=\u00bb1.4em\u00bb custom_padding=\u00bb30px|||\u00bb animation_style=\u00bbslide\u00bb animation_direction=\u00bbtop\u00bb animation_delay=\u00bb200ms\u00bb animation_intensity_slide=\u00bb10%\u00bb _i=\u00bb0&#8243; _address=\u00bb2.0.1.0&#8243;]Descenso internacional, en agosto<br \/>\n[\/et_pb_text][et_pb_image src=\u00bbhttp:\/\/alospicos.com\/wp-content\/uploads\/2018\/02\/Salida-del-Sella-2011.jpg\u00bb show_in_lightbox=\u00bbon\u00bb align_tablet=\u00bbcenter\u00bb align_last_edited=\u00bbon|desktop\u00bb _builder_version=\u00bb3.23&#8243; _i=\u00bb1&#8243; _address=\u00bb2.0.1.1&#8243;][\/et_pb_image][et_pb_text _builder_version=\u00bb3.27.4&#8243; _i=\u00bb2&#8243; _address=\u00bb2.0.1.2&#8243;]La prueba deportiva conocida como <strong><em>Descenso del Sella<\/em><\/strong> o <strong><em>Fiesta de las Piraguas<\/em><\/strong> tiene lugar el primer s\u00e1bado despu\u00e9s del primer domingo de agosto.<br \/>\nLa salida es espectacular, pues todas las embarcaciones -cerca del millar- inician el recorrido a la vez, tras el himno de Asturias.<br \/>\nLa llegada tiene lugar bajo el puente de Ribadesella.<br \/>\n[\/et_pb_text][\/et_pb_column][\/et_pb_row][\/et_pb_section][et_pb_section fb_built=\u00bb1&#8243; _builder_version=\u00bb3.22&#8243; background_color=\u00bb#f4f4f4&#8243; bb_built=\u00bb1&#8243; _i=\u00bb3&#8243; _address=\u00bb3&#8243;][et_pb_row _builder_version=\u00bb3.25&#8243; background_size=\u00bbinitial\u00bb background_position=\u00bbtop_left\u00bb background_repeat=\u00bbrepeat\u00bb _i=\u00bb0&#8243; _address=\u00bb3.0&#8243; column_structure=\u00bb1_2,1_2&#8243;][et_pb_column type=\u00bb1_2&#8243; _builder_version=\u00bb3.25&#8243; custom_padding=\u00bb|||\u00bb _i=\u00bb0&#8243; _address=\u00bb3.0.0&#8243; custom_padding__hover=\u00bb|||\u00bb][et_pb_text admin_label=\u00bbTop Destination Sub Title\u00bb _builder_version=\u00bb3.27.4&#8243; text_font=\u00bbRoboto||||\u00bb text_text_color=\u00bb#e02b20&#8243; text_font_size=\u00bb30px\u00bb text_line_height=\u00bb1.4em\u00bb custom_padding=\u00bb30px|||\u00bb animation_style=\u00bbslide\u00bb animation_direction=\u00bbtop\u00bb animation_delay=\u00bb200ms\u00bb animation_intensity_slide=\u00bb10%\u00bb _i=\u00bb0&#8243; _address=\u00bb3.0.0.0&#8243;]R\u00edo Cares-Deva, recorrido tur\u00edstico<br \/>\n[\/et_pb_text][et_pb_code _i=\u00bb1&#8243; _address=\u00bb3.0.0.1&#8243;]<iframe loading=\"lazy\" src=\"https:\/\/www.google.com\/maps\/d\/embed?mid=1lH_slHzDQDM05BSVZBSWK7AIO83cpApv\" width=\"640\" height=\"480\"><\/iframe>[\/et_pb_code][\/et_pb_column][et_pb_column type=\u00bb1_2&#8243; _builder_version=\u00bb3.25&#8243; custom_padding=\u00bb|||\u00bb _i=\u00bb1&#8243; _address=\u00bb3.0.1&#8243; custom_padding__hover=\u00bb|||\u00bb][et_pb_text admin_label=\u00bbTop Destination Sub Title\u00bb _builder_version=\u00bb3.27.4&#8243; text_font=\u00bbRoboto||||\u00bb text_text_color=\u00bb#1a1a1a\u00bb text_font_size=\u00bb30px\u00bb text_line_height=\u00bb1.4em\u00bb custom_padding=\u00bb30px|||\u00bb animation_style=\u00bbslide\u00bb animation_direction=\u00bbtop\u00bb animation_delay=\u00bb200ms\u00bb animation_intensity_slide=\u00bb10%\u00bb _i=\u00bb0&#8243; _address=\u00bb3.0.1.0&#8243;]De Panes a Unquera<br \/>\n[\/et_pb_text][et_pb_image src=\u00bbhttp:\/\/alospicos.com\/wp-content\/uploads\/2018\/02\/Cares-Deva.jpg\u00bb show_in_lightbox=\u00bbon\u00bb align_tablet=\u00bbcenter\u00bb align_last_edited=\u00bbon|desktop\u00bb _builder_version=\u00bb3.23&#8243; _i=\u00bb1&#8243; _address=\u00bb3.0.1.1&#8243;][\/et_pb_image][et_pb_text _builder_version=\u00bb3.27.4&#8243; _i=\u00bb2&#8243; _address=\u00bb3.0.1.2&#8243;]A partir de la localidad asturiana de Panes, el caudal c\u00e1ntabro del Deva se une al asturiano del Cares, y tras la confluencia el r\u00edo recibe la denominaci\u00f3n de Cares-Deva, marcando el l\u00edmite territoral de ambas comunidades hasta su desembocadura, entre Unquera y Bustio.<br \/>\n[\/et_pb_text][\/et_pb_column][\/et_pb_row][\/et_pb_section][et_pb_section fb_built=\u00bb1&#8243; _builder_version=\u00bb3.22&#8243; custom_padding=\u00bb110px||110px|\u00bb bb_built=\u00bb1&#8243; _i=\u00bb4&#8243; _address=\u00bb4&#8243;][et_pb_row _builder_version=\u00bb3.25&#8243; locked=\u00bboff\u00bb _i=\u00bb0&#8243; _address=\u00bb4.0&#8243; column_structure=\u00bb3_4,1_4&#8243;][et_pb_column type=\u00bb3_4&#8243; _builder_version=\u00bb3.25&#8243; custom_padding=\u00bb|||\u00bb _i=\u00bb0&#8243; _address=\u00bb4.0.0&#8243; custom_padding__hover=\u00bb|||\u00bb][et_pb_text admin_label=\u00bbMore Places Title\u00bb module_id=\u00bbEmpresas\u00bb _builder_version=\u00bb3.27.4&#8243; text_font=\u00bb||||\u00bb text_text_color=\u00bb#1a1a1a\u00bb header_font=\u00bbOswald|on||on|\u00bb header_text_align=\u00bbleft\u00bb header_font_size=\u00bb60px\u00bb header_line_height=\u00bb1.3em\u00bb max_width=\u00bb450px\u00bb custom_margin=\u00bb|||\u00bb custom_padding=\u00bb|||\u00bb animation_style=\u00bbslide\u00bb animation_direction=\u00bbtop\u00bb animation_intensity_slide=\u00bb10%\u00bb _i=\u00bb0&#8243; _address=\u00bb4.0.0.0&#8243;]<\/p>\n<h1>Empresas<\/h1>\n<p>[\/et_pb_text][et_pb_divider color=\u00bb#ed4441&#8243; divider_position=\u00bbcenter\u00bb divider_weight=\u00bb3px\u00bb disabled_on=\u00bboff|off|off\u00bb _builder_version=\u00bb3.0.76&#8243; max_width=\u00bb150px\u00bb height=\u00bbfalse\u00bb custom_margin=\u00bb30px|||\u00bb animation_style=\u00bbslide\u00bb animation_direction=\u00bbtop\u00bb animation_delay=\u00bb100ms\u00bb animation_intensity_slide=\u00bb10%\u00bb locked=\u00bboff\u00bb _i=\u00bb1&#8243; _address=\u00bb4.0.0.1&#8243;][\/et_pb_divider][\/et_pb_column][et_pb_column type=\u00bb1_4&#8243; _builder_version=\u00bb3.25&#8243; custom_padding=\u00bb|||\u00bb _i=\u00bb1&#8243; _address=\u00bb4.0.1&#8243; custom_padding__hover=\u00bb|||\u00bb][et_pb_image src=\u00bbhttp:\/\/alospicos.com\/wp-content\/uploads\/2018\/02\/Descenso-pedrero.jpg\u00bb align_tablet=\u00bbcenter\u00bb align_last_edited=\u00bbon|desktop\u00bb _builder_version=\u00bb3.23&#8243; _i=\u00bb0&#8243; _address=\u00bb4.0.1.0&#8243;][\/et_pb_image][\/et_pb_column][\/et_pb_row][et_pb_row _builder_version=\u00bb3.25&#8243; custom_padding=\u00bb27px|0px|27px|0px\u00bb box_shadow_style=\u00bbpreset1&#8243; _i=\u00bb1&#8243; _address=\u00bb4.1&#8243; column_structure=\u00bb1_4,1_4,1_4,1_4&#8243;][et_pb_column type=\u00bb1_4&#8243; _builder_version=\u00bb3.25&#8243; background_color=\u00bbrgba(58,193,193,0.12)\u00bb custom_padding=\u00bb|||\u00bb _i=\u00bb0&#8243; _address=\u00bb4.1.0&#8243; custom_padding__hover=\u00bb|||\u00bb][et_pb_text admin_label=\u00bbList\u00bb _builder_version=\u00bb3.27.4&#8243; text_font=\u00bbRoboto||||\u00bb text_font_size=\u00bb16px\u00bb text_line_height=\u00bb2em\u00bb header_line_height=\u00bb1.3em\u00bb custom_padding=\u00bb10px|||15px\u00bb animation_style=\u00bbslide\u00bb animation_direction=\u00bbtop\u00bb animation_intensity_slide=\u00bb10%\u00bb _i=\u00bb0&#8243; _address=\u00bb4.1.0.0&#8243;]<\/p>\n<h1>R\u00edo Sella, Arriondas<\/h1>\n<p><a href=\"http:\/\/cangasaventura.com\/\" target=\"_blank\" rel=\"noopener noreferrer\">Cangas Aventura<\/a><br \/>\n<a href=\"http:\/\/www.ranasella.com\/\" target=\"_blank\" rel=\"noopener noreferrer\">Rana Sella<\/a><br \/>\n<a href=\"https:\/\/www.loscauces.com\/\" target=\"_blank\" rel=\"noopener noreferrer\">Los Cauces<\/a><br \/>\n<a href=\"http:\/\/jairecanoas.com\/\" target=\"_blank\" rel=\"noopener noreferrer\">Jaire<\/a><br \/>\n<a href=\"http:\/\/www.fronteraverde.com\/es\/actividades\/descenso-rio-sella-en-canoa\/\" target=\"_blank\" rel=\"noopener noreferrer\">Frontera Verde<\/a><br \/>\n<a href=\"https:\/\/www.asturaventura.net\" target=\"_blank\" rel=\"noopener noreferrer\">Asturaventura<\/a><br \/>\n<a href=\"https:\/\/www.aipolaventura.com\/\" target=\"_blank\" rel=\"noopener noreferrer\">Aipol Aventura<\/a><br \/>\n<a href=\"https:\/\/www.multiaventuranorte.es\/\" target=\"_blank\" rel=\"noopener noreferrer\">Aventura Norte<\/a><br \/>\n<a href=\"https:\/\/www.sellastur.com\/\" target=\"_blank\" rel=\"noopener noreferrer\">Sellastur<\/a><br \/>\n<a href=\"http:\/\/descensosdelsella.com\/\" target=\"_blank\" rel=\"noopener noreferrer\">Wadi<\/a><br \/>\n<a href=\"http:\/\/web.canoaselmoyau.com\/\" target=\"_blank\" rel=\"noopener noreferrer\">El Moyau<\/a><br \/>\n[\/et_pb_text][\/et_pb_column][et_pb_column type=\u00bb1_4&#8243; _builder_version=\u00bb3.25&#8243; background_color=\u00bbrgba(58,193,193,0.12)\u00bb custom_padding=\u00bb|||\u00bb _i=\u00bb1&#8243; _address=\u00bb4.1.1&#8243; custom_padding__hover=\u00bb|||\u00bb][et_pb_text admin_label=\u00bbList\u00bb _builder_version=\u00bb3.27.4&#8243; text_font=\u00bbRoboto||||\u00bb text_font_size=\u00bb16px\u00bb text_line_height=\u00bb2em\u00bb header_line_height=\u00bb1.3em\u00bb custom_padding=\u00bb10px|||15px\u00bb animation_style=\u00bbslide\u00bb animation_direction=\u00bbtop\u00bb animation_delay=\u00bb100ms\u00bb animation_intensity_slide=\u00bb10%\u00bb _i=\u00bb0&#8243; _address=\u00bb4.1.1.0&#8243;]<\/p>\n<h1>R\u00edo Sella,<br \/>\nLas Rozas<\/h1>\n<p><a href=\"http:\/\/www.k2aventura.com\/\" target=\"_blank\" rel=\"noopener noreferrer\">K2 Aventura<\/a><br \/>\n[\/et_pb_text][\/et_pb_column][et_pb_column type=\u00bb1_4&#8243; _builder_version=\u00bb3.25&#8243; background_color=\u00bbrgba(58,193,193,0.12)\u00bb custom_padding=\u00bb|||\u00bb _i=\u00bb2&#8243; _address=\u00bb4.1.2&#8243; custom_padding__hover=\u00bb|||\u00bb][et_pb_text admin_label=\u00bbList\u00bb _builder_version=\u00bb3.27.4&#8243; text_font=\u00bbRoboto||||\u00bb text_font_size=\u00bb16px\u00bb text_line_height=\u00bb2em\u00bb header_line_height=\u00bb1.3em\u00bb custom_padding=\u00bb10px|||15px\u00bb animation_style=\u00bbslide\u00bb animation_direction=\u00bbtop\u00bb animation_delay=\u00bb200ms\u00bb animation_intensity_slide=\u00bb10%\u00bb _i=\u00bb0&#8243; _address=\u00bb4.1.2.0&#8243;]<\/p>\n<h1>R\u00edo Sella, Ribadesella<\/h1>\n<p><a href=\"https:\/\/www.canoasribadesella.com\/\" target=\"_blank\" rel=\"noopener noreferrer\">Canoas Ribadesella<\/a><br \/>\n<a href=\"http:\/\/www.turaventura.com\/\" target=\"_blank\" rel=\"noopener noreferrer\">Turaventura<\/a><br \/>\n<a href=\"https:\/\/montanasdelnorte.com\/\" target=\"_blank\" rel=\"noopener noreferrer\">Monta\u00f1as del Norte<\/a><br \/>\n<a href=\"http:\/\/www.astursellaaventura.com\" target=\"_blank\" rel=\"noopener noreferrer\">AsturSellaAventura<\/a><br \/>\n[\/et_pb_text][\/et_pb_column][et_pb_column type=\u00bb1_4&#8243; _builder_version=\u00bb3.25&#8243; background_color=\u00bbrgba(124,218,36,0.25)\u00bb custom_padding=\u00bb|||\u00bb _i=\u00bb3&#8243; _address=\u00bb4.1.3&#8243; custom_padding__hover=\u00bb|||\u00bb][et_pb_text admin_label=\u00bbList\u00bb _builder_version=\u00bb3.27.4&#8243; text_font=\u00bbRoboto||||\u00bb text_font_size=\u00bb16px\u00bb text_line_height=\u00bb2em\u00bb header_line_height=\u00bb1.3em\u00bb custom_padding=\u00bb10px|||15px\u00bb animation_style=\u00bbslide\u00bb animation_direction=\u00bbtop\u00bb animation_delay=\u00bb300ms\u00bb animation_intensity_slide=\u00bb10%\u00bb _i=\u00bb0&#8243; _address=\u00bb4.1.3.0&#8243;]<\/p>\n<h1>R\u00edos Cares-Deva, Panes-Unquera<\/h1>\n<p><a href=\"http:\/\/guiaspicoseuropa.com\/es\/deva-rio-canoas-descenso-asturias-cantabria-canoeing\" target=\"_blank\" rel=\"noopener noreferrer\">Gu\u00edas de Picos<\/a>, Panes<br \/>\n<a href=\"http:\/\/www.canoasriodeva.com\/index.php\" target=\"_blank\" rel=\"noopener noreferrer\">Canoas R\u00edo Deva<\/a>, Unquera<br \/>\n<a href=\"http:\/\/canoas.com.es\/\" target=\"_blank\" rel=\"noopener noreferrer\">Devatur<\/a>, Unquera<br \/>\n[\/et_pb_text][\/et_pb_column][\/et_pb_row][\/et_pb_section][et_pb_section fb_built=\u00bb1&#8243; admin_label=\u00bbVideo\u00bb _builder_version=\u00bb3.22&#8243; background_color=\u00bb#f4f4f4&#8243; parallax=\u00bbon\u00bb custom_padding=\u00bb110px||110px|\u00bb bb_built=\u00bb1&#8243; _i=\u00bb5&#8243; _address=\u00bb5&#8243;][et_pb_row _builder_version=\u00bb3.25&#8243; locked=\u00bboff\u00bb _i=\u00bb0&#8243; _address=\u00bb5.0&#8243;][et_pb_column type=\u00bb4_4&#8243; _builder_version=\u00bb3.25&#8243; custom_padding=\u00bb|||\u00bb _i=\u00bb0&#8243; _address=\u00bb5.0.0&#8243; custom_padding__hover=\u00bb|||\u00bb][et_pb_text admin_label=\u00bbVideo Title\u00bb _builder_version=\u00bb3.27.4&#8243; text_font=\u00bb||||\u00bb text_text_color=\u00bb#1a1a1a\u00bb header_font=\u00bbOswald|on||on|\u00bb header_text_align=\u00bbcenter\u00bb header_font_size=\u00bb60px\u00bb header_line_height=\u00bb1.3em\u00bb module_alignment=\u00bbcenter\u00bb custom_margin=\u00bb|||\u00bb custom_padding=\u00bb|||\u00bb animation_style=\u00bbslide\u00bb animation_direction=\u00bbtop\u00bb animation_intensity_slide=\u00bb10%\u00bb locked=\u00bboff\u00bb _i=\u00bb0&#8243; _address=\u00bb5.0.0.0&#8243;]<\/p>\n<h1>Video Tour<\/h1>\n<p>[\/et_pb_text][et_pb_divider color=\u00bb#ed4441&#8243; divider_position=\u00bbcenter\u00bb divider_weight=\u00bb3px\u00bb disabled_on=\u00bboff|off|off\u00bb _builder_version=\u00bb3.0.76&#8243; max_width=\u00bb150px\u00bb module_alignment=\u00bbcenter\u00bb height=\u00bbfalse\u00bb custom_margin=\u00bb30px|||\u00bb animation_style=\u00bbslide\u00bb animation_direction=\u00bbtop\u00bb animation_delay=\u00bb100ms\u00bb animation_intensity_slide=\u00bb10%\u00bb locked=\u00bboff\u00bb _i=\u00bb1&#8243; _address=\u00bb5.0.0.1&#8243;][\/et_pb_divider][et_pb_text admin_label=\u00bbVideo Sub Title\u00bb _builder_version=\u00bb3.27.4&#8243; text_font=\u00bbRoboto||||\u00bb text_text_color=\u00bb#1a1a1a\u00bb text_font_size=\u00bb24px\u00bb text_line_height=\u00bb1.4em\u00bb text_orientation=\u00bbcenter\u00bb max_width=\u00bb800px\u00bb module_alignment=\u00bbcenter\u00bb custom_margin=\u00bb|||\u00bb custom_padding=\u00bb30px|||\u00bb animation_style=\u00bbslide\u00bb animation_direction=\u00bbtop\u00bb animation_delay=\u00bb200ms\u00bb animation_intensity_slide=\u00bb10%\u00bb locked=\u00bboff\u00bb _i=\u00bb2&#8243; _address=\u00bb5.0.0.2&#8243;]V\u00eddeos propios de las empresas de canoas<br \/>\n[\/et_pb_text][\/et_pb_column][\/et_pb_row][et_pb_row _builder_version=\u00bb3.25&#8243; max_width=\u00bb1280px\u00bb use_custom_width=\u00bbon\u00bb custom_width_px=\u00bb1280px\u00bb _i=\u00bb1&#8243; _address=\u00bb5.1&#8243; column_structure=\u00bb1_2,1_2&#8243;][et_pb_column type=\u00bb1_2&#8243; _builder_version=\u00bb3.25&#8243; custom_padding=\u00bb|||\u00bb _i=\u00bb0&#8243; _address=\u00bb5.1.0&#8243; custom_padding__hover=\u00bb|||\u00bb][et_pb_video src=\u00bbhttps:\/\/youtu.be\/dw88xuc4bZ4&#8243; image_src=\u00bb\/\/i.ytimg.com\/vi\/dw88xuc4bZ4\/hqdefault.jpg\u00bb play_icon_color=\u00bb#ffffff\u00bb admin_label=\u00bbCangas Aventura, Video\u00bb _builder_version=\u00bb3.0.101&#8243; animation_style=\u00bbzoom\u00bb animation_direction=\u00bbbottom\u00bb animation_intensity_zoom=\u00bb6%\u00bb _i=\u00bb0&#8243; _address=\u00bb5.1.0.0&#8243;][\/et_pb_video][et_pb_text _builder_version=\u00bb3.27.4&#8243; _i=\u00bb1&#8243; _address=\u00bb5.1.0.1&#8243;]<strong>Arriba, izq: <em>Cangas Aventura<\/em>; derecha: <em>Rana Sella<\/em><\/strong><br \/>\n<strong>Abajo, izq: <em>Los Cauces<\/em>; abajo, derecha: <em>Jaire<\/em><\/strong><\/p>\n<p><strong>Cuatro grandes empresas en las inmediaciones de la salida<\/strong><br \/>\n[\/et_pb_text][\/et_pb_column][et_pb_column type=\u00bb1_2&#8243; _builder_version=\u00bb3.25&#8243; custom_padding=\u00bb|||\u00bb _i=\u00bb1&#8243; _address=\u00bb5.1.1&#8243; custom_padding__hover=\u00bb|||\u00bb][et_pb_video src=\u00bbhttps:\/\/youtu.be\/8wI_W-REcTo\u00bb play_icon_color=\u00bb#ffffff\u00bb admin_label=\u00bbRana Sella, video\u00bb _builder_version=\u00bb3.0.101&#8243; animation_style=\u00bbzoom\u00bb animation_direction=\u00bbbottom\u00bb animation_intensity_zoom=\u00bb6%\u00bb _i=\u00bb0&#8243; _address=\u00bb5.1.1.0&#8243;][\/et_pb_video][\/et_pb_column][\/et_pb_row][et_pb_row _builder_version=\u00bb3.25&#8243; max_width=\u00bb1280px\u00bb use_custom_width=\u00bbon\u00bb custom_width_px=\u00bb1280px\u00bb _i=\u00bb2&#8243; _address=\u00bb5.2&#8243; column_structure=\u00bb1_2,1_2&#8243;][et_pb_column type=\u00bb1_2&#8243; _builder_version=\u00bb3.25&#8243; custom_padding=\u00bb|||\u00bb _i=\u00bb0&#8243; _address=\u00bb5.2.0&#8243; custom_padding__hover=\u00bb|||\u00bb][et_pb_video src=\u00bbhttps:\/\/youtu.be\/e0zW1AmKnxE\u00bb image_src=\u00bb\/\/i.ytimg.com\/vi\/e0zW1AmKnxE\/hqdefault.jpg\u00bb play_icon_color=\u00bb#ffffff\u00bb admin_label=\u00bbLos Cauces, video\u00bb _builder_version=\u00bb3.0.101&#8243; animation_style=\u00bbzoom\u00bb animation_direction=\u00bbbottom\u00bb animation_intensity_zoom=\u00bb6%\u00bb _i=\u00bb0&#8243; _address=\u00bb5.2.0.0&#8243;][\/et_pb_video][\/et_pb_column][et_pb_column type=\u00bb1_2&#8243; _builder_version=\u00bb3.25&#8243; custom_padding=\u00bb|||\u00bb _i=\u00bb1&#8243; _address=\u00bb5.2.1&#8243; custom_padding__hover=\u00bb|||\u00bb][et_pb_video src=\u00bbhttps:\/\/youtu.be\/1QRAAXE6NFo\u00bb image_src=\u00bb\/\/i.ytimg.com\/vi\/1QRAAXE6NFo\/hqdefault.jpg\u00bb play_icon_color=\u00bb#ffffff\u00bb admin_label=\u00bbJaire, video\u00bb _builder_version=\u00bb3.0.101&#8243; animation_style=\u00bbzoom\u00bb animation_direction=\u00bbbottom\u00bb animation_intensity_zoom=\u00bb6%\u00bb _i=\u00bb0&#8243; _address=\u00bb5.2.1.0&#8243;][\/et_pb_video][\/et_pb_column][\/et_pb_row][\/et_pb_section][et_pb_section fb_built=\u00bb1&#8243; _builder_version=\u00bb3.22&#8243; custom_padding=\u00bb110px||110px|\u00bb bb_built=\u00bb1&#8243; _i=\u00bb6&#8243; _address=\u00bb6&#8243;][et_pb_row _builder_version=\u00bb3.25&#8243; _i=\u00bb0&#8243; _address=\u00bb6.0&#8243; column_structure=\u00bb1_2,1_2&#8243;][et_pb_column type=\u00bb1_2&#8243; _builder_version=\u00bb3.25&#8243; custom_padding=\u00bb|||\u00bb _i=\u00bb0&#8243; _address=\u00bb6.0.0&#8243; custom_padding__hover=\u00bb|||\u00bb][et_pb_text admin_label=\u00bbDiscover Beatuty Sub Title\u00bb _builder_version=\u00bb3.27.4&#8243; text_font=\u00bbRoboto||||\u00bb text_text_color=\u00bb#1a1a1a\u00bb text_font_size=\u00bb24px\u00bb text_line_height=\u00bb1.4em\u00bb animation_style=\u00bbslide\u00bb animation_direction=\u00bbtop\u00bb animation_intensity_slide=\u00bb10%\u00bb _i=\u00bb0&#8243; _address=\u00bb6.0.0.0&#8243;]Los r\u00edos asturianos cuentan con una veterana historia de remo y competici\u00f3n, inspiradora de los descensos en canoa surgidos en 1991<br \/>\n[\/et_pb_text][et_pb_divider color=\u00bb#ed4441&#8243; divider_position=\u00bbcenter\u00bb divider_weight=\u00bb3px\u00bb disabled_on=\u00bboff|off|off\u00bb _builder_version=\u00bb3.0.76&#8243; max_width=\u00bb150px\u00bb height=\u00bbfalse\u00bb animation_style=\u00bbslide\u00bb animation_direction=\u00bbtop\u00bb animation_delay=\u00bb100ms\u00bb animation_intensity_slide=\u00bb10%\u00bb _i=\u00bb1&#8243; _address=\u00bb6.0.0.1&#8243;][\/et_pb_divider][et_pb_text admin_label=\u00bbHistoria del pirag\u00fcismo\u00bb _builder_version=\u00bb3.27.4&#8243; text_font=\u00bbRoboto||||\u00bb text_font_size=\u00bb16px\u00bb text_line_height=\u00bb1.9em\u00bb custom_padding=\u00bb30px|||\u00bb animation_style=\u00bbslide\u00bb animation_direction=\u00bbtop\u00bb animation_delay=\u00bb200ms\u00bb animation_intensity_slide=\u00bb10%\u00bb _i=\u00bb2&#8243; _address=\u00bb6.0.0.2&#8243;]<\/p>\n<h4>Pequen\u0303a historia<\/h4>\n<p>Eva Villarroel.<br \/>\n2000 a.C. Indicios de navegacio\u0301n a\u0301rtica.<br \/>\n1424. Primer documento alusivo a los <em>kayaks<\/em><br \/>\n1865. Nacimiento del <em>kayakismo<\/em> moderno: John Mc Gregor se desplaza por el Ta\u0301mesis con una embarcacio\u0301n siguiendo normas esquimales.<br \/>\n1867. Primera carrera de <em>canotaje<\/em> por las aguas del Ta\u0301mesis.<br \/>\n1880. Se funda en EEUU la <em>American Canoe Association<\/em><br \/>\n1885. Se funda el Club de Remo en Alemania. Primeras competiciones 1900. Alfred Heurich construye un modelo de kayak desmontable<br \/>\n1936. Se incorpora el kayak a los Juegos Oli\u0301mpicos de Alemania<br \/>\n1932. Primer slalom.<br \/>\n1932. Primer Descenso del Sella como competicio\u0301n<br \/>\n1951. Primera inscripcio\u0301n de equipos extranjeros en el Descenso del Sella.<br \/>\n1956. Hannes Lindemann cruza el Oce\u0301ano Atla\u0301ntico con un kayak <em>Klepper<\/em><br \/>\n1977. El disen\u0303ador de botes ingle\u0301s Frank Goodman, con tres amigos, circunvala por primera vez el Cabo de Hornos remando en sus <em>Nordkapps<\/em><br \/>\n1987. Primera travesi\u0301a del Oce\u0301ano Pacifico en kayak, del norteamericano Ed Gillet, desde California a Hawai. Remo\u0301 2.200 millas de mar abierto en 63 di\u0301as.<br \/>\n1991. <em>La Escuela Asturiana de Piragu\u0308ismo<\/em> inicia los descensos del Sella con cara\u0301cter turi\u0301stico. Pronto se incorporara\u0301n muchas otras empresas.<br \/>\n_____________<br \/>\nTexto publicado en La Jueya, n\u00ba 166<br \/>\n[\/et_pb_text][\/et_pb_column][et_pb_column type=\u00bb1_2&#8243; _builder_version=\u00bb3.25&#8243; custom_padding=\u00bb|||\u00bb _i=\u00bb1&#8243; _address=\u00bb6.0.1&#8243; custom_padding__hover=\u00bb|||\u00bb][et_pb_text admin_label=\u00bbDiscover Beatuty Title\u00bb _builder_version=\u00bb3.27.4&#8243; text_font=\u00bb||||\u00bb text_text_color=\u00bb#1a1a1a\u00bb header_font=\u00bbOswald|on||on|\u00bb header_text_align=\u00bbright\u00bb header_font_size=\u00bb60px\u00bb header_line_height=\u00bb1.3em\u00bb animation_style=\u00bbslide\u00bb animation_direction=\u00bbtop\u00bb animation_intensity_slide=\u00bb10%\u00bb _i=\u00bb0&#8243; _address=\u00bb6.0.1.0&#8243;]<\/p>\n<h1>El pirag\u00fcismo deportivo en los r\u00edos asturianos<\/h1>\n<p>[\/et_pb_text][et_pb_image src=\u00bbhttp:\/\/alospicos.com\/wp-content\/uploads\/2018\/02\/Emilio-Ardines.jpg\u00bb force_fullwidth=\u00bbon\u00bb align_tablet=\u00bbcenter\u00bb align_last_edited=\u00bbon|desktop\u00bb _builder_version=\u00bb3.23&#8243; custom_margin=\u00bb90px|||\u00bb animation_style=\u00bbfold\u00bb animation_direction=\u00bbright\u00bb animation_intensity_fold=\u00bb20%\u00bb _i=\u00bb1&#8243; _address=\u00bb6.0.1.1&#8243;][\/et_pb_image][et_pb_text admin_label=\u00bbDiscover Beatuty Sub Title\u00bb _builder_version=\u00bb3.27.4&#8243; text_font=\u00bbRoboto||||\u00bb text_text_color=\u00bb#1a1a1a\u00bb text_font_size=\u00bb24px\u00bb text_line_height=\u00bb1.4em\u00bb animation_style=\u00bbslide\u00bb animation_direction=\u00bbtop\u00bb animation_intensity_slide=\u00bb10%\u00bb _i=\u00bb2&#8243; _address=\u00bb6.0.1.2&#8243;]Alto Sella (prueba deportiva, no tur\u00edstica)<br \/>\n[\/et_pb_text][et_pb_video src=\u00bbhttps:\/\/alospicos.com\/wp-content\/uploads\/2018\/02\/N\u0303asares-Alto-Sella-2014.m4v\u00bb _builder_version=\u00bb3.0.106&#8243; _i=\u00bb3&#8243; _address=\u00bb6.0.1.3&#8243;][\/et_pb_video][et_pb_text _builder_version=\u00bb3.27.4&#8243; text_text_color=\u00bb#000000&#8243; _i=\u00bb4&#8243; _address=\u00bb6.0.1.4&#8243;]Los r\u00edos asturianos son una referencia en el pirag\u00fcismo deportivo, y algunas pruebas son de gran belleza y espectacularidad. Las im\u00e1genes reflejan el paso por los r\u00e1pidos de \u00d1asares, en el descenso del Alto Sella, entre Torn\u00edn y Cangas de On\u00eds.<\/p>\n<p>Este descenso es puramente deportivo, y se realiza en el curso alto del R\u00edo Sella, lejos del itinerario tur\u00edstico, que discurre entre Arriondas y Ricbadesella, por tramos mucho m\u00e1s apacibles<br \/>\n[\/et_pb_text][\/et_pb_column][\/et_pb_row][\/et_pb_section][et_pb_section fb_built=\u00bb1&#8243; _builder_version=\u00bb3.22&#8243; background_color=\u00bb#f4f4f4&#8243; custom_padding=\u00bb110px||110px|\u00bb bb_built=\u00bb1&#8243; _i=\u00bb7&#8243; _address=\u00bb7&#8243;][et_pb_row _builder_version=\u00bb3.25&#8243; _i=\u00bb0&#8243; _address=\u00bb7.0&#8243; column_structure=\u00bb1_2,1_2&#8243;][et_pb_column type=\u00bb1_2&#8243; _builder_version=\u00bb3.25&#8243; custom_padding=\u00bb|||\u00bb _i=\u00bb0&#8243; _address=\u00bb7.0.0&#8243; custom_padding__hover=\u00bb|||\u00bb][et_pb_text admin_label=\u00bbTop Destination Title\u00bb _builder_version=\u00bb3.27.4&#8243; text_font=\u00bb||||\u00bb text_text_color=\u00bb#1a1a1a\u00bb header_font=\u00bbOswald|on||on|\u00bb header_text_align=\u00bbleft\u00bb header_font_size=\u00bb60px\u00bb header_line_height=\u00bb1.3em\u00bb custom_margin=\u00bb|||\u00bb custom_padding=\u00bb|||\u00bb animation_style=\u00bbslide\u00bb animation_direction=\u00bbtop\u00bb animation_intensity_slide=\u00bb10%\u00bb locked=\u00bboff\u00bb _i=\u00bb0&#8243; _address=\u00bb7.0.0.0&#8243;]<\/p>\n<h1>Kayak<\/h1>\n<p>[\/et_pb_text][et_pb_divider color=\u00bb#ed4441&#8243; divider_position=\u00bbcenter\u00bb divider_weight=\u00bb3px\u00bb disabled_on=\u00bboff|off|off\u00bb _builder_version=\u00bb3.23.4&#8243; max_width=\u00bb150px\u00bb height=\u00bb0px\u00bb animation_style=\u00bbslide\u00bb animation_direction=\u00bbtop\u00bb animation_delay=\u00bb100ms\u00bb animation_intensity_slide=\u00bb10%\u00bb locked=\u00bboff\u00bb _i=\u00bb1&#8243; _address=\u00bb7.0.0.1&#8243;][\/et_pb_divider][et_pb_text admin_label=\u00bbTop Destination Sub Title\u00bb _builder_version=\u00bb3.27.4&#8243; text_font=\u00bbRoboto||||\u00bb text_text_color=\u00bb#1a1a1a\u00bb text_font_size=\u00bb24px\u00bb text_line_height=\u00bb1.4em\u00bb custom_padding=\u00bb30px|||\u00bb animation_style=\u00bbslide\u00bb animation_direction=\u00bbtop\u00bb animation_delay=\u00bb200ms\u00bb animation_intensity_slide=\u00bb10%\u00bb locked=\u00bboff\u00bb _i=\u00bb2&#8243; _address=\u00bb7.0.0.2&#8243;]Del \u00c1rtico glacial al Sella tur\u00edstico<br \/>\n[\/et_pb_text][et_pb_image src=\u00bbhttp:\/\/alospicos.com\/wp-content\/uploads\/2018\/02\/Inuit-en-kayak.-Principios-del-s.-XX.jpg\u00bb align_tablet=\u00bbcenter\u00bb align_last_edited=\u00bbon|desktop\u00bb _builder_version=\u00bb3.23&#8243; _i=\u00bb3&#8243; _address=\u00bb7.0.0.3&#8243;][\/et_pb_image][et_pb_text admin_label=\u00bbTexto pie Inuit\u00bb _builder_version=\u00bb3.27.4&#8243; text_font=\u00bbRoboto||||\u00bb text_font_size=\u00bb16px\u00bb text_line_height=\u00bb1.9em\u00bb custom_padding=\u00bb||60px|\u00bb animation_style=\u00bbslide\u00bb animation_direction=\u00bbtop\u00bb animation_intensity_slide=\u00bb4%\u00bb _i=\u00bb4&#8243; _address=\u00bb7.0.0.4&#8243;]<strong>Inuit con arp\u00f3n a bordo de un kayak. Principios del siglo XX. <\/strong><br \/>\n<strong>Fondo documental \u00abGlenbow Archives\u00bb, Canad\u00e1.<\/strong><br \/>\n[\/et_pb_text][\/et_pb_column][et_pb_column type=\u00bb1_2&#8243; _builder_version=\u00bb3.25&#8243; custom_padding=\u00bb|||\u00bb _i=\u00bb1&#8243; _address=\u00bb7.0.1&#8243; custom_padding__hover=\u00bb|||\u00bb][et_pb_text admin_label=\u00bbTop Destination Text\u00bb _builder_version=\u00bb3.27.4&#8243; text_font=\u00bbRoboto||||\u00bb text_font_size=\u00bb16px\u00bb text_line_height=\u00bb1.9em\u00bb custom_padding=\u00bb||60px|\u00bb animation_style=\u00bbslide\u00bb animation_direction=\u00bbtop\u00bb animation_intensity_slide=\u00bb4%\u00bb locked=\u00bboff\u00bb _i=\u00bb0&#8243; _address=\u00bb7.0.1.0&#8243;]<strong>Melisa Vega \/ Eva Villarroel<\/strong>. El ri\u0301o Sella, que discurre entre las provincias de Leo\u0301n y Asturias, nace en los picos de Europa, en la Fuente del Infierno (Sajambre), y desemboca en Ribadesella, en el mar Canta\u0301brico. Su longitud es de 66 kilo\u0301metros, y atraviesa los concejos de Sajambre, Ponga, Amieva, Cangas de Oni\u0301s, Parres y Ribadesella.<\/p>\n<p>Actualmente, en Cangas de Oni\u0301s, Arriondas y Ribadesella, existen unas 20 empresas de \u201cturismo-aventura\u201d, que fueron las que sobrevivieron de las 35 que habi\u0301a aproximadamente en el an\u0303o 2000.<\/p>\n<p>Lo que todas tienen en comu\u0301n es la actividad del descenso del sella en canoa, una de las ma\u0301s reclamadas por los turistas. El precio individual de la actividad vari\u0301a entre los 17 y 25 euros. Entre todas las empresas de aventura suman aproximadamente unas 3.800 plazas para el descenso en canoa, lo que supone unas 2.000 embarcaciones, que pueden ser triples, dobles o individuales.<\/p>\n<p>Para las empresas, el coste del material (canoa, bido\u0301n estanco, chaleco, remo y traje de neopreno, segu\u0301n el tiempo) alcanza un coste aproximado de unos 550 euros.<\/p>\n<p>La idea del alquiler de las canoas fue importada de su pra\u0301ctica en el ri\u0301o Ardeche, en Francia, que cuenta con un volumen de alquiler de canoas y de empresas de aventura au\u0301n superior al del Sella. No obstante, mucho antes que el alquiler de canoas, llego\u0301 al Sella el descenso deportivo del ri\u0301o, que se celebro\u0301 por primera vez en 1932 con una longitud de 20 kilo\u0301metros, cinco ma\u0301s que el recorrido turi\u0301stico.<br \/>\n____________________<br \/>\nArt\u00edculo publicado en La Jueya, n\u00ba 166, el 22 de enero de 2014<br \/>\n[\/et_pb_text][\/et_pb_column][\/et_pb_row][\/et_pb_section][et_pb_section fb_built=\u00bb1&#8243; admin_label=\u00bbLook Inside Section\u00bb _builder_version=\u00bb3.29.3&#8243; background_image=\u00bbhttps:\/\/alospicos.com\/wp-content\/uploads\/2018\/02\/Banner-Codis.jpg\u00bb parallax=\u00bbon\u00bb custom_padding=\u00bb0px||0px|\u00bb hover_enabled=\u00bb0&#8243; bb_built=\u00bb1&#8243; _i=\u00bb8&#8243; _address=\u00bb8&#8243;][et_pb_row use_custom_gutter=\u00bbon\u00bb gutter_width=\u00bb1&#8243; make_equal=\u00bbon\u00bb module_class=\u00bb et_pb_row_fullwidth\u00bb _builder_version=\u00bb3.25&#8243; width=\u00bb100%\u00bb width_tablet=\u00bb100%\u00bb width_last_edited=\u00bbon|desktop\u00bb max_width=\u00bb100%\u00bb max_width_tablet=\u00bb100%\u00bb max_width_last_edited=\u00bbon|desktop\u00bb custom_padding=\u00bb0px||0px|\u00bb make_fullwidth=\u00bbon\u00bb _i=\u00bb0&#8243; _address=\u00bb8.0&#8243; column_structure=\u00bb1_2,1_2&#8243;][et_pb_column type=\u00bb1_2&#8243; _builder_version=\u00bb3.25&#8243; parallax=\u00bbon\u00bb custom_padding=\u00bb|||\u00bb _i=\u00bb0&#8243; _address=\u00bb8.0.0&#8243; custom_padding__hover=\u00bb|||\u00bb][et_pb_image align_tablet=\u00bbcenter\u00bb align_last_edited=\u00bbon|desktop\u00bb _builder_version=\u00bb3.23&#8243; animation_style=\u00bbslide\u00bb animation_direction=\u00bbleft\u00bb animation_duration=\u00bb500ms\u00bb animation_intensity_slide=\u00bb10%\u00bb _i=\u00bb0&#8243; _address=\u00bb8.0.0.0&#8243;][\/et_pb_image][\/et_pb_column][et_pb_column type=\u00bb1_2&#8243; _builder_version=\u00bb3.25&#8243; use_background_color_gradient=\u00bbon\u00bb background_color_gradient_start=\u00bb#ffffff\u00bb background_color_gradient_end=\u00bbrgba(255,255,255,0.85)\u00bb background_color_gradient_end_position=\u00bb50%\u00bb custom_padding=\u00bb8%|6%|6%|6%\u00bb _i=\u00bb1&#8243; _address=\u00bb8.0.1&#8243; custom_padding__hover=\u00bb|||\u00bb][et_pb_text admin_label=\u00bbLook Inside Title\u00bb _builder_version=\u00bb3.27.4&#8243; text_font=\u00bb||||\u00bb text_text_color=\u00bb#1a1a1a\u00bb header_font=\u00bbOswald|on||on|\u00bb header_text_align=\u00bbleft\u00bb header_font_size=\u00bb60px\u00bb header_line_height=\u00bb1.3em\u00bb max_width=\u00bb450px\u00bb custom_margin=\u00bb|||\u00bb custom_padding=\u00bb|||\u00bb animation_style=\u00bbslide\u00bb animation_direction=\u00bbtop\u00bb animation_intensity_slide=\u00bb10%\u00bb locked=\u00bboff\u00bb _i=\u00bb0&#8243; _address=\u00bb8.0.1.0&#8243;]<\/p>\n<h1>82 Descenso internacional del Sella<\/h1>\n<p>[\/et_pb_text][et_pb_divider color=\u00bb#ed4441&#8243; divider_position=\u00bbcenter\u00bb divider_weight=\u00bb3px\u00bb disabled_on=\u00bboff|off|off\u00bb _builder_version=\u00bb3.0.76&#8243; max_width=\u00bb150px\u00bb height=\u00bbfalse\u00bb custom_margin=\u00bb30px|||\u00bb animation_style=\u00bbslide\u00bb animation_direction=\u00bbtop\u00bb animation_delay=\u00bb100ms\u00bb animation_intensity_slide=\u00bb10%\u00bb locked=\u00bboff\u00bb _i=\u00bb1&#8243; _address=\u00bb8.0.1.1&#8243;][\/et_pb_divider][et_pb_text admin_label=\u00bbLook Inside Sub Title\u00bb _builder_version=\u00bb3.27.4&#8243; text_font=\u00bbRoboto||||\u00bb text_text_color=\u00bb#1a1a1a\u00bb text_font_size=\u00bb24px\u00bb text_line_height=\u00bb1.4em\u00bb max_width=\u00bb450px\u00bb custom_padding=\u00bb30px|||\u00bb animation_style=\u00bbslide\u00bb animation_direction=\u00bbtop\u00bb animation_delay=\u00bb200ms\u00bb animation_intensity_slide=\u00bb10%\u00bb locked=\u00bboff\u00bb _i=\u00bb2&#8243; _address=\u00bb8.0.1.2&#8243;]<strong>Arriondas &#8211; Ribadesella | Fiesta de las Piraguas<\/strong><br \/>\n4 de Agosto de 2018 | Declarada de Inter\u00e9s Tur\u00edstico Internacional.<br \/>\n[\/et_pb_text][et_pb_text admin_label=\u00bbLook Inside Text\u00bb _builder_version=\u00bb3.27.4&#8243; text_font=\u00bbRoboto||||\u00bb text_font_size=\u00bb16px\u00bb text_line_height=\u00bb1.9em\u00bb max_width=\u00bb450px\u00bb custom_margin=\u00bb60|||\u00bb custom_padding=\u00bb||60px|\u00bb animation_style=\u00bbslide\u00bb animation_direction=\u00bbtop\u00bb animation_delay=\u00bb400ms\u00bb animation_intensity_slide=\u00bb4%\u00bb locked=\u00bboff\u00bb _i=\u00bb3&#8243; _address=\u00bb8.0.1.3&#8243;]El CODIS (Comit\u00e9 organizador del Descenso Internacionaldel Sella) es la instituci\u00f3n responsable de todo lo referido a la prueba en su dimensi\u00f3n deportiva. En la actualidad est\u00e1 presidido por Juan M. Feliz, con Nieves Llaneza como vicepresidente, y once vocales.<br \/>\n[\/et_pb_text][et_pb_button button_url=\u00bbhttp:\/\/www.descensodelsella.com\/\u00bb url_new_window=\u00bbon\u00bb button_text=\u00bbWeb oficial del Descenso\u00bb button_alignment=\u00bbleft\u00bb admin_label=\u00bbGallery Button\u00bb _builder_version=\u00bb3.16&#8243; custom_button=\u00bbon\u00bb button_text_color=\u00bb#1a1a1a\u00bb button_border_radius=\u00bb0px\u00bb button_letter_spacing=\u00bb4px\u00bb button_font=\u00bbOswald|on||on|\u00bb button_icon=\u00bb%%3%%\u00bb button_icon_color=\u00bb#1a1a1a\u00bb button_border_color_hover=\u00bb#1a1a1a\u00bb button_border_radius_hover=\u00bb0px\u00bb button_letter_spacing_hover=\u00bb4px\u00bb button_bg_color_hover=\u00bbrgba(0,0,0,0)\u00bb locked=\u00bboff\u00bb _i=\u00bb4&#8243; _address=\u00bb8.0.1.4&#8243; button_text_size__hover_enabled=\u00bboff\u00bb button_one_text_size__hover_enabled=\u00bboff\u00bb button_two_text_size__hover_enabled=\u00bboff\u00bb button_text_color__hover_enabled=\u00bboff\u00bb button_one_text_color__hover_enabled=\u00bboff\u00bb button_two_text_color__hover_enabled=\u00bboff\u00bb button_border_width__hover_enabled=\u00bboff\u00bb button_one_border_width__hover_enabled=\u00bboff\u00bb button_two_border_width__hover_enabled=\u00bboff\u00bb button_border_color__hover_enabled=\u00bbon\u00bb button_border_color__hover=\u00bb#1a1a1a\u00bb button_one_border_color__hover_enabled=\u00bboff\u00bb button_two_border_color__hover_enabled=\u00bboff\u00bb button_border_radius__hover_enabled=\u00bbon\u00bb button_border_radius__hover=\u00bb0px\u00bb button_one_border_radius__hover_enabled=\u00bboff\u00bb button_two_border_radius__hover_enabled=\u00bboff\u00bb button_letter_spacing__hover_enabled=\u00bbon\u00bb button_letter_spacing__hover=\u00bb4px\u00bb button_one_letter_spacing__hover_enabled=\u00bboff\u00bb button_two_letter_spacing__hover_enabled=\u00bboff\u00bb button_bg_color__hover_enabled=\u00bbon\u00bb button_bg_color__hover=\u00bbrgba(0,0,0,0)\u00bb button_one_bg_color__hover_enabled=\u00bboff\u00bb button_two_bg_color__hover_enabled=\u00bboff\u00bb][\/et_pb_button][\/et_pb_column][\/et_pb_row][et_pb_row use_custom_gutter=\u00bbon\u00bb gutter_width=\u00bb1&#8243; disabled_on=\u00bbon|off|off\u00bb admin_label=\u00bbSpacer\u00bb module_class=\u00bb et_pb_row_fullwidth\u00bb _builder_version=\u00bb3.25&#8243; background_color=\u00bbrgba(255,255,255,0.85)\u00bb width=\u00bb100%\u00bb width_tablet=\u00bb100%\u00bb width_last_edited=\u00bbon|desktop\u00bb max_width=\u00bb100%\u00bb max_width_tablet=\u00bb100%\u00bb max_width_last_edited=\u00bbon|desktop\u00bb custom_margin=\u00bb0px||0px|\u00bb custom_padding=\u00bb10%||0px|\u00bb make_fullwidth=\u00bbon\u00bb _i=\u00bb1&#8243; _address=\u00bb8.1&#8243;][et_pb_column type=\u00bb4_4&#8243; _builder_version=\u00bb3.25&#8243; custom_padding=\u00bb|||\u00bb _i=\u00bb0&#8243; _address=\u00bb8.1.0&#8243; custom_padding__hover=\u00bb|||\u00bb][\/et_pb_column][\/et_pb_row][\/et_pb_section][et_pb_section fb_built=\u00bb1&#8243; custom_padding_last_edited=\u00bbon|tablet\u00bb admin_label=\u00bbOffer\u00bb _builder_version=\u00bb3.22&#8243; background_color=\u00bbrgba(0,0,0,0.5)\u00bb background_image=\u00bbhttps:\/\/alospicos.com\/wp-content\/uploads\/2018\/02\/Sella-La-Dehesa.jpg\u00bb background_blend=\u00bbcolor\u00bb custom_padding=\u00bb120px||120px|\u00bb custom_padding_tablet=\u00bb80px||80px|\u00bb bb_built=\u00bb1&#8243; _i=\u00bb9&#8243; _address=\u00bb9&#8243;][et_pb_row _builder_version=\u00bb3.25&#8243; custom_margin=\u00bb|||\u00bb _i=\u00bb0&#8243; _address=\u00bb9.0&#8243;][et_pb_column type=\u00bb4_4&#8243; _builder_version=\u00bb3.25&#8243; custom_padding=\u00bb|||\u00bb _i=\u00bb0&#8243; _address=\u00bb9.0.0&#8243; custom_padding__hover=\u00bb|||\u00bb][et_pb_text admin_label=\u00bbCTA Section Subtitle\u00bb _builder_version=\u00bb3.27.4&#8243; text_font=\u00bbRoboto|on||on|\u00bb text_font_size=\u00bb24px\u00bb text_letter_spacing=\u00bb4px\u00bb text_orientation=\u00bbcenter\u00bb background_layout=\u00bbdark\u00bb module_alignment=\u00bbcenter\u00bb animation_style=\u00bbzoom\u00bb animation_intensity_zoom=\u00bb20%\u00bb _i=\u00bb0&#8243; _address=\u00bb9.0.0.0&#8243;]El Descenso del Sella en sus or\u00edgenes<br \/>\n[\/et_pb_text][et_pb_text admin_label=\u00bbCTA Section Title\u00bb _builder_version=\u00bb3.27.4&#8243; text_font=\u00bb||||\u00bb header_font=\u00bbOswald|on||on|\u00bb header_text_align=\u00bbcenter\u00bb header_font_size=\u00bb60px\u00bb header_line_height=\u00bb1.3em\u00bb background_layout=\u00bbdark\u00bb module_alignment=\u00bbcenter\u00bb custom_margin=\u00bb|||\u00bb custom_padding=\u00bb|||\u00bb animation_style=\u00bbzoom\u00bb animation_delay=\u00bb100ms\u00bb animation_intensity_zoom=\u00bb20%\u00bb locked=\u00bboff\u00bb _i=\u00bb1&#8243; _address=\u00bb9.0.0.1&#8243;]<\/p>\n<h1>dos documentos hist\u00f3ricos<\/h1>\n<p>[\/et_pb_text][et_pb_divider color=\u00bb#ffffff\u00bb divider_position=\u00bbcenter\u00bb divider_weight=\u00bb3px\u00bb disabled_on=\u00bboff|off|off\u00bb _builder_version=\u00bb3.2&#8243; max_width=\u00bb150px\u00bb module_alignment=\u00bbcenter\u00bb height=\u00bbfalse\u00bb animation_style=\u00bbzoom\u00bb animation_delay=\u00bb200ms\u00bb animation_intensity_zoom=\u00bb20%\u00bb locked=\u00bboff\u00bb _i=\u00bb2&#8243; _address=\u00bb9.0.0.2&#8243;][\/et_pb_divider][et_pb_text _builder_version=\u00bb3.27.4&#8243; text_font=\u00bbRoboto||||\u00bb text_font_size=\u00bb24px\u00bb text_line_height=\u00bb1.4em\u00bb text_orientation=\u00bbcenter\u00bb background_layout=\u00bbdark\u00bb max_width=\u00bb750px\u00bb module_alignment=\u00bbcenter\u00bb custom_padding=\u00bb30px||40px|\u00bb animation_style=\u00bbzoom\u00bb animation_delay=\u00bb300ms\u00bb animation_intensity_zoom=\u00bb20%\u00bb _i=\u00bb3&#8243; _address=\u00bb9.0.0.3&#8243;]Desde su edici\u00f3n como competici\u00f3n, en 1932, el Descenso ha ido sumando participaci\u00f3n y espectacularidad, internacionalizando su convocatoria hasta el presente.<br \/>\n[\/et_pb_text][\/et_pb_column][\/et_pb_row][et_pb_row _builder_version=\u00bb3.25&#8243; _i=\u00bb1&#8243; _address=\u00bb9.1&#8243; column_structure=\u00bb1_2,1_2&#8243;][et_pb_column type=\u00bb1_2&#8243; _builder_version=\u00bb3.25&#8243; custom_padding=\u00bb|||\u00bb _i=\u00bb0&#8243; _address=\u00bb9.1.0&#8243; custom_padding__hover=\u00bb|||\u00bb][et_pb_video src=\u00bbhttps:\/\/youtu.be\/8bMPMMqBRc8&#8243; _builder_version=\u00bb3.0.101&#8243; _i=\u00bb0&#8243; _address=\u00bb9.1.0.0&#8243;][\/et_pb_video][\/et_pb_column][et_pb_column type=\u00bb1_2&#8243; _builder_version=\u00bb3.25&#8243; custom_padding=\u00bb|||\u00bb _i=\u00bb1&#8243; _address=\u00bb9.1.1&#8243; custom_padding__hover=\u00bb|||\u00bb][et_pb_video src=\u00bbhttps:\/\/youtu.be\/4QgSwlMWUI0&#8243; _builder_version=\u00bb3.0.101&#8243; _i=\u00bb0&#8243; _address=\u00bb9.1.1.0&#8243;][\/et_pb_video][\/et_pb_column][\/et_pb_row][\/et_pb_section]<\/p>\n","protected":false},"excerpt":{"rendered":"<p>Descenso en canoa de los r\u00edos Sella y Cares-Deva El descenso tur\u00edstico del Sella es un recorrido en canoa, entre Arriondas y La Ribera (cerca de Ribadesella), que dura entre 2 y 4 horas (las empresas ofrecen dos distancias). La salida tiene lugar por la ma\u00f1ana, y el precio oscila entre 15 \u20ac (menores de [&hellip;]<\/p>\n","protected":false},"author":1,"featured_media":0,"parent":0,"menu_order":0,"comment_status":"closed","ping_status":"closed","template":"","meta":{"_et_pb_use_builder":"on","_et_pb_old_content":"","_et_gb_content_width":"","footnotes":""},"class_list":["post-1633","page","type-page","status-publish","hentry"],"_links":{"self":[{"href":"https:\/\/alospicos.com\/index.php\/wp-json\/wp\/v2\/pages\/1633","targetHints":{"allow":["GET"]}}],"collection":[{"href":"https:\/\/alospicos.com\/index.php\/wp-json\/wp\/v2\/pages"}],"about":[{"href":"https:\/\/alospicos.com\/index.php\/wp-json\/wp\/v2\/types\/page"}],"author":[{"embeddable":true,"href":"https:\/\/alospicos.com\/index.php\/wp-json\/wp\/v2\/users\/1"}],"replies":[{"embeddable":true,"href":"https:\/\/alospicos.com\/index.php\/wp-json\/wp\/v2\/comments?post=1633"}],"version-history":[{"count":6,"href":"https:\/\/alospicos.com\/index.php\/wp-json\/wp\/v2\/pages\/1633\/revisions"}],"predecessor-version":[{"id":1684,"href":"https:\/\/alospicos.com\/index.php\/wp-json\/wp\/v2\/pages\/1633\/revisions\/1684"}],"wp:attachment":[{"href":"https:\/\/alospicos.com\/index.php\/wp-json\/wp\/v2\/media?parent=1633"}],"curies":[{"name":"wp","href":"https:\/\/api.w.org\/{rel}","templated":true}]}}