{"id":856,"date":"2017-06-23T17:40:34","date_gmt":"2017-06-23T17:40:34","guid":{"rendered":"http:\/\/alospicos.com\/?post_type=project&#038;p=856"},"modified":"2023-07-25T16:32:56","modified_gmt":"2023-07-25T16:32:56","slug":"urriellu","status":"publish","type":"project","link":"https:\/\/alospicos.com\/index.php\/project\/urriellu\/","title":{"rendered":"Urriellu, picu"},"content":{"rendered":"<p>[et_pb_section fb_built=\u00bb1&#8243; admin_label=\u00bbsection\u00bb _builder_version=\u00bb4.16&#8243; background_color=\u00bb#000000&#8243; custom_padding=\u00bb54px|14px|54px|0px\u00bb global_colors_info=\u00bb{}\u00bb][et_pb_row admin_label=\u00bbFila\u00bb _builder_version=\u00bb4.16&#8243; background_size=\u00bbinitial\u00bb background_position=\u00bbtop_left\u00bb background_repeat=\u00bbrepeat\u00bb global_colors_info=\u00bb{}\u00bb][et_pb_column type=\u00bb4_4&#8243; _builder_version=\u00bb4.16&#8243; custom_padding=\u00bb|||\u00bb global_colors_info=\u00bb{}\u00bb custom_padding__hover=\u00bb|||\u00bb][et_pb_blurb title=\u00bbUrriellu\u00bb image_icon_width=\u00bbnone\u00bb admin_label=\u00bbAnuncio\u00bb _builder_version=\u00bb4.16&#8243; header_font=\u00bb|on|||\u00bb header_font_size=\u00bb40px\u00bb background_size=\u00bbinitial\u00bb background_position=\u00bbtop_left\u00bb background_repeat=\u00bbrepeat\u00bb text_orientation=\u00bbcenter\u00bb background_layout=\u00bbdark\u00bb border_style=\u00bbsolid\u00bb image_max_width=\u00bbnone\u00bb use_circle=\u00bboff\u00bb use_circle_border=\u00bboff\u00bb global_colors_info=\u00bb{}\u00bb]Cumbre hist\u00f3rica en Macizo Central de Los Picos<br \/>\n[\/et_pb_blurb][et_pb_image src=\u00bbhttp:\/\/alospicos.com\/wp-content\/uploads\/2017\/06\/URRIELLU.jpg\u00bb align_tablet=\u00bbcenter\u00bb align_last_edited=\u00bbon|desktop\u00bb admin_label=\u00bbImagen\u00bb _builder_version=\u00bb4.16&#8243; border_style=\u00bbsolid\u00bb animation=\u00bboff\u00bb sticky=\u00bboff\u00bb always_center_on_mobile=\u00bbon\u00bb global_colors_info=\u00bb{}\u00bb align_phone=\u00bbcenter\u00bb][\/et_pb_image][et_pb_text admin_label=\u00bbTexto\u00bb _builder_version=\u00bb4.16&#8243; background_size=\u00bbinitial\u00bb background_position=\u00bbtop_left\u00bb background_repeat=\u00bbrepeat\u00bb background_layout=\u00bbdark\u00bb border_style=\u00bbsolid\u00bb global_colors_info=\u00bb{}\u00bb]Imagen del\u00a0<em>picu<\/em> desde la base<br \/>\n[\/et_pb_text][\/et_pb_column][\/et_pb_row][et_pb_row admin_label=\u00bbrow\u00bb _builder_version=\u00bb4.16&#8243; background_size=\u00bbinitial\u00bb background_position=\u00bbtop_left\u00bb background_repeat=\u00bbrepeat\u00bb global_colors_info=\u00bb{}\u00bb column_structure=\u00bb1_2,1_2&#8243;][et_pb_column type=\u00bb1_2&#8243; _builder_version=\u00bb4.16&#8243; custom_padding=\u00bb|||\u00bb global_colors_info=\u00bb{}\u00bb custom_padding__hover=\u00bb|||\u00bb][et_pb_accordion admin_label=\u00bbAcorde\u00f3n\u00bb _builder_version=\u00bb4.16&#8243; border_style=\u00bbsolid\u00bb global_colors_info=\u00bb{}\u00bb][et_pb_accordion_item title=\u00bbEl Picu Urriellu\u00bb open=\u00bbon\u00bb _builder_version=\u00bb4.16&#8243; global_colors_info=\u00bb{}\u00bb]BREVE HISTORIA DE SU ESCALADA<\/p>\n<p>Tom\u00e1s Lobeto y Adolfo Garc\u00eda.<\/p>\n<p>Esta monta\u00f1a es una de las m\u00e1s emblem\u00e1ticas de Espa\u00f1a, por su escalada en pared vertical de 550 metros en su cara oeste.<\/p>\n<p>La primera escalada la realizaron Pedro Pidal y Gregorio P\u00e9rez De Maria, <i>El Cainejo,<\/i> el 5 de agosto de 1904. Actualmente la v\u00eda se conoce como v\u00eda<i> Pidal-Cainejo<\/i>.<\/p>\n<p>El 8 de marzo de 1956 Angel Landa Bidarte y Pedro Udaondo consiguen coronar la cima en condiciones invernales por primera vez.<\/p>\n<p>El 21 de agosto de 1962 se practic\u00f3 la v\u00eda <i>Rabada-Navarro<\/i>, por Alberto Rabada y Ernesto Navarro, y es la primera abierta en la cara oeste del Urriellu.<\/p>\n<p>El 8 de febrero de 1973, Miguel Angel Garcia Gallego (<i>el murciano<\/i>) y Jos\u00e9 \u00c1ngel Lucas en una cordada, y C\u00e9sar P\u00e9rez de Tudela y Pedro Antonio Ortega (<i>el ardilla<\/i>) en otra, consiguieron la primera ascensi\u00f3n invernal por la cara oeste a trav\u00e9s de la v\u00eda Rabada-Navarro.<\/p>\n<p>El nombre de \u201cNaranjo de Bulnes\u201d se lo puso Guillermo Schulz en 1855, al editar el primer mapa topogr\u00e1fico y geol\u00f3gico de Asturias.<\/p>\n<p>El refugio de Urriellu se construy\u00f3 entre los a\u00f1os 1989 y 1990. Esta situado en la Vega de Urriellu, a los pies del <i>picu<\/i>. Para su construcci\u00f3n fue necesario el uso de un helic\u00f3ptero del ej\u00e9rcito, para transportar los materiales, y fue financiada por el Consejo Superior de Deportes y por el Principado de Asturias.<\/p>\n<p>______________________<\/p>\n<p>Art\u00edculo publicado en el N\u00ba 166 de La Jueya, el 22 de enero de 2014<br \/>\n[\/et_pb_accordion_item][et_pb_accordion_item title=\u00bbPand\u00e9bano\u00bb _builder_version=\u00bb4.16&#8243; global_colors_info=\u00bb{}\u00bb open=\u00bboff\u00bb]LECCI\u00d3N EN PAND\u00c9BANO<br \/>\nGonzalo Barrena<\/p>\n<p>El s\u00e1bado 12 de octubre, d\u00eda del Pilar, las campas de Pand\u00e9bano aparec\u00edan despejadas de cielo y bien pobladas. Hab\u00eda tanto ganado como turistas, aprovechando todos la pr\u00f3rroga del verano que acompa\u00f1a al mes.<\/p>\n<p>Entre los invernales, un pastor de Bulnes llamaba a las cabras. Las invitaba con esa voz repetida que indica d\u00f3nde est\u00e1 el hombre y d\u00f3nde est\u00e1 la sal. Como estaban altas, el ganadero se prodigaba, y a mi, que tomaba un caf\u00e9 en lo de Pipo, me tocaba en suerte contemplar una escena por la que muchos amantes de la monta\u00f1a pagar\u00edan entrada. Es un privilegio en esta \u00e9poca de retirada cultural escuchar el timbre sonante de un cabraliego llamando al ganado, y que al poco empiecen a descolgarse de cuetos y jerras un\u00a0<em>rec\u00e1u<\/em>\u00a0de cabras mantrinas, culalbas, arrobecadas&#8230;o salpicadas por ese jaspe de la pe\u00f1e con el que se confunde desde hace miles de a\u00f1os la\u00a0<em>reciella<\/em>\u00a0bulnesa.<\/p>\n<p>Un monta\u00f1ero que regresaba de Urriellu, por ignorancia, sonsa\u00f1\u00f3 al cabrero. Y haciendo un eco torpe y bruto provoc\u00f3 la sorpresa de los que asist\u00edamos al evento y la indignaci\u00f3n del ganadero, que lo amonest\u00f3. Apoyado en el palo como en una c\u00e1tedra, el pastor comenz\u00f3 a emitir desde lo bajeru de la mayada un conjunto de sentencias entre las que se o\u00eda \u201cre\u00edse de \u00fan\u201d, \u201ctener verg\u00fcenza\u201d y \u201cv\u00f3 all\u00e1\u201d. El excursionista quiz\u00e1 joven, quiz\u00e1 urbano, quiz\u00e1 demasiado ufano por la cercan\u00eda del coche, encaj\u00f3 la lecci\u00f3n y respondi\u00f3 con silencio, como aconsejaba la situaci\u00f3n.<br \/>\n[\/et_pb_accordion_item][\/et_pb_accordion][et_pb_code admin_label=\u00bbC\u00f3digo mapa\u00bb _builder_version=\u00bb4.16&#8243; background_size=\u00bbinitial\u00bb background_position=\u00bbtop_left\u00bb background_repeat=\u00bbrepeat\u00bb global_colors_info=\u00bb{}\u00bb]<iframe loading=\"lazy\" src=\"https:\/\/www.google.com\/maps\/d\/embed?mid=1ck1rC0z7Uy-lfPaNGbTP8IzHzZk\" width=\"640\" height=\"480\"><\/iframe>[\/et_pb_code][et_pb_cta title=\u00bbRefugio de Urriellu\u00bb button_url=\u00bbhttp:\/\/www.refugiodeurriellu.com\u00bb url_new_window=\u00bbon\u00bb button_text=\u00bbWeb del Refugio\u00bb admin_label=\u00bbLlamada a la acci\u00f3n\u00bb _builder_version=\u00bb4.16&#8243; background_color=\u00bb#edf000&#8243; background_size=\u00bbinitial\u00bb background_position=\u00bbtop_left\u00bb background_repeat=\u00bbrepeat\u00bb background_layout=\u00bblight\u00bb border_style=\u00bbsolid\u00bb button_letter_spacing_hover=\u00bb0&#8243; global_colors_info=\u00bb{}\u00bb button_text_size__hover_enabled=\u00bboff\u00bb button_one_text_size__hover_enabled=\u00bboff\u00bb button_two_text_size__hover_enabled=\u00bboff\u00bb button_text_color__hover_enabled=\u00bboff\u00bb button_one_text_color__hover_enabled=\u00bboff\u00bb button_two_text_color__hover_enabled=\u00bboff\u00bb button_border_width__hover_enabled=\u00bboff\u00bb button_one_border_width__hover_enabled=\u00bboff\u00bb button_two_border_width__hover_enabled=\u00bboff\u00bb button_border_color__hover_enabled=\u00bboff\u00bb button_one_border_color__hover_enabled=\u00bboff\u00bb button_two_border_color__hover_enabled=\u00bboff\u00bb button_border_radius__hover_enabled=\u00bboff\u00bb button_one_border_radius__hover_enabled=\u00bboff\u00bb button_two_border_radius__hover_enabled=\u00bboff\u00bb button_letter_spacing__hover_enabled=\u00bbon\u00bb button_letter_spacing__hover=\u00bb0&#8243; button_one_letter_spacing__hover_enabled=\u00bboff\u00bb button_two_letter_spacing__hover_enabled=\u00bboff\u00bb button_bg_color__hover_enabled=\u00bboff\u00bb button_one_bg_color__hover_enabled=\u00bboff\u00bb button_two_bg_color__hover_enabled=\u00bboff\u00bb]<img loading=\"lazy\" decoding=\"async\" class=\"alignnone size-medium wp-image-893\" src=\"http:\/\/alospicos.com\/wp-content\/uploads\/2017\/06\/Refugio-de-Urriellu-300x179.png\" alt=\"\" width=\"300\" height=\"179\" srcset=\"https:\/\/alospicos.com\/wp-content\/uploads\/2017\/06\/Refugio-de-Urriellu-300x179.png 300w, https:\/\/alospicos.com\/wp-content\/uploads\/2017\/06\/Refugio-de-Urriellu.png 673w\" sizes=\"(max-width: 300px) 100vw, 300px\" \/><br \/>\n[\/et_pb_cta][\/et_pb_column][et_pb_column type=\u00bb1_2&#8243; _builder_version=\u00bb4.16&#8243; custom_padding=\u00bb|||\u00bb global_colors_info=\u00bb{}\u00bb custom_padding__hover=\u00bb|||\u00bb][et_pb_image src=\u00bbhttp:\/\/alospicos.com\/wp-content\/uploads\/2017\/06\/Urriello-JM-Boada.jpg\u00bb align=\u00bbcenter\u00bb force_fullwidth=\u00bbon\u00bb align_tablet=\u00bbcenter\u00bb align_last_edited=\u00bbon|desktop\u00bb admin_label=\u00bbImagen\u00bb _builder_version=\u00bb4.16&#8243; border_style=\u00bbsolid\u00bb animation=\u00bboff\u00bb sticky=\u00bboff\u00bb always_center_on_mobile=\u00bbon\u00bb global_colors_info=\u00bb{}\u00bb align_phone=\u00bbcenter\u00bb][\/et_pb_image][et_pb_text admin_label=\u00bbTexto\u00bb _builder_version=\u00bb4.16&#8243; background_size=\u00bbinitial\u00bb background_position=\u00bbtop_left\u00bb background_repeat=\u00bbrepeat\u00bb background_layout=\u00bbdark\u00bb border_style=\u00bbsolid\u00bb global_colors_info=\u00bb{}\u00bb]Portada de la publicaci\u00f3n <b><i>Picos de Europa Macizo Central<\/i><\/b>, J. M. Boada, 1935.<br \/>\n[\/et_pb_text][et_pb_gallery gallery_ids=\u00bb883,886,887,888,889,896&#8243; fullwidth=\u00bbon\u00bb admin_label=\u00bbGaler\u00eda\u00bb _builder_version=\u00bb4.16&#8243; border_style=\u00bbsolid\u00bb global_colors_info=\u00bb{}\u00bb][\/et_pb_gallery][et_pb_text admin_label=\u00bbAmarillo info\u00bb _builder_version=\u00bb4.16&#8243; text_text_color=\u00bb#000000&#8243; background_color=\u00bb#edf000&#8243; background_size=\u00bbinitial\u00bb background_position=\u00bbtop_left\u00bb background_repeat=\u00bbrepeat\u00bb text_orientation=\u00bbjustified\u00bb custom_padding=\u00bb10px|10px|10px|10px\u00bb border_style=\u00bbsolid\u00bb global_colors_info=\u00bb{}\u00bb]<span style=\"color: #000000;\">DATOS DE LA RUTA<\/span><\/p>\n<ul>\n<li>Desde Pand\u00e9bano, encima de Sotres, el camino hasta la base del\u00a0<em>picu<\/em> no es dif\u00edcil. Con calor, y debido a la pendiente, puede resultar un poco m\u00e1s costoso.<\/li>\n<li>Duraci\u00f3n: unas cuatro horas<\/li>\n<li>En la vega de Urriellu, junto a la base del\u00a0<em>picu<\/em>, se emplaza un refugio de monta\u00f1a amplio y bien equipado.<\/li>\n<\/ul>\n<p>[\/et_pb_text][et_pb_divider show_divider=\u00bboff\u00bb disabled_on=\u00bbon|on|off\u00bb admin_label=\u00bbSeparador\u00bb _builder_version=\u00bb4.16&#8243; height=\u00bb175px\u00bb hide_on_mobile=\u00bbon\u00bb global_colors_info=\u00bb{}\u00bb][\/et_pb_divider][et_pb_button button_text=\u00bbInicio\u00bb button_alignment=\u00bbcenter\u00bb admin_label=\u00bbInicio\u00bb _builder_version=\u00bb4.16&#8243; custom_button=\u00bbon\u00bb button_text_color=\u00bb#e02b20&#8243; background_layout=\u00bbdark\u00bb global_colors_info=\u00bb{}\u00bb button_text_size__hover_enabled=\u00bboff\u00bb button_one_text_size__hover_enabled=\u00bboff\u00bb button_two_text_size__hover_enabled=\u00bboff\u00bb button_text_color__hover_enabled=\u00bboff\u00bb button_one_text_color__hover_enabled=\u00bboff\u00bb button_two_text_color__hover_enabled=\u00bboff\u00bb button_border_width__hover_enabled=\u00bboff\u00bb button_one_border_width__hover_enabled=\u00bboff\u00bb button_two_border_width__hover_enabled=\u00bboff\u00bb button_border_color__hover_enabled=\u00bboff\u00bb button_one_border_color__hover_enabled=\u00bboff\u00bb button_two_border_color__hover_enabled=\u00bboff\u00bb button_border_radius__hover_enabled=\u00bboff\u00bb button_one_border_radius__hover_enabled=\u00bboff\u00bb button_two_border_radius__hover_enabled=\u00bboff\u00bb button_letter_spacing__hover_enabled=\u00bboff\u00bb button_one_letter_spacing__hover_enabled=\u00bboff\u00bb button_two_letter_spacing__hover_enabled=\u00bboff\u00bb button_bg_color__hover_enabled=\u00bboff\u00bb button_one_bg_color__hover_enabled=\u00bboff\u00bb button_two_bg_color__hover_enabled=\u00bboff\u00bb][\/et_pb_button][\/et_pb_column][\/et_pb_row][\/et_pb_section]<\/p>\n","protected":false},"excerpt":{"rendered":"<p>Cumbre hist\u00f3rica en Macizo Central de Los Picos Imagen del\u00a0picu desde la base BREVE HISTORIA DE SU ESCALADA Tom\u00e1s Lobeto y Adolfo Garc\u00eda. Esta monta\u00f1a es una de las m\u00e1s emblem\u00e1ticas de Espa\u00f1a, por su escalada en pared vertical de 550 metros en su cara oeste. La primera escalada la realizaron Pedro Pidal y Gregorio [&hellip;]<\/p>\n","protected":false},"author":1,"featured_media":0,"comment_status":"open","ping_status":"closed","template":"","meta":{"_et_pb_use_builder":"on","_et_pb_old_content":"","_et_gb_content_width":"","footnotes":""},"project_category":[7],"project_tag":[],"class_list":["post-856","project","type-project","status-publish","hentry","project_category-rutas"],"_links":{"self":[{"href":"https:\/\/alospicos.com\/index.php\/wp-json\/wp\/v2\/project\/856","targetHints":{"allow":["GET"]}}],"collection":[{"href":"https:\/\/alospicos.com\/index.php\/wp-json\/wp\/v2\/project"}],"about":[{"href":"https:\/\/alospicos.com\/index.php\/wp-json\/wp\/v2\/types\/project"}],"author":[{"embeddable":true,"href":"https:\/\/alospicos.com\/index.php\/wp-json\/wp\/v2\/users\/1"}],"replies":[{"embeddable":true,"href":"https:\/\/alospicos.com\/index.php\/wp-json\/wp\/v2\/comments?post=856"}],"version-history":[{"count":24,"href":"https:\/\/alospicos.com\/index.php\/wp-json\/wp\/v2\/project\/856\/revisions"}],"predecessor-version":[{"id":1910,"href":"https:\/\/alospicos.com\/index.php\/wp-json\/wp\/v2\/project\/856\/revisions\/1910"}],"wp:attachment":[{"href":"https:\/\/alospicos.com\/index.php\/wp-json\/wp\/v2\/media?parent=856"}],"wp:term":[{"taxonomy":"project_category","embeddable":true,"href":"https:\/\/alospicos.com\/index.php\/wp-json\/wp\/v2\/project_category?post=856"},{"taxonomy":"project_tag","embeddable":true,"href":"https:\/\/alospicos.com\/index.php\/wp-json\/wp\/v2\/project_tag?post=856"}],"curies":[{"name":"wp","href":"https:\/\/api.w.org\/{rel}","templated":true}]}}